{"id":1998,"date":"2022-11-11T13:27:24","date_gmt":"2022-11-11T12:27:24","guid":{"rendered":"http:\/\/www.philippedardel.com\/?page_id=1998"},"modified":"2024-11-05T10:04:23","modified_gmt":"2024-11-05T09:04:23","slug":"video","status":"publish","type":"page","link":"https:\/\/www.philippedardel.com\/?page_id=1998","title":{"rendered":"Vid\u00e9o"},"content":{"rendered":"<p><div class=\"fusion-bg-parallax\" data-bg-align=\"left top\" data-direction=\"left\" data-mute=\"false\" data-opacity=\"100\" data-velocity=\"-0.7\" data-mobile-enabled=\"false\" data-break_parents=\"0\" data-bg-image=\"http:\/\/www.philippedardel.com\/wp-content\/uploads\/2022\/10\/Essai-Fond-20-scaled-e1667474623332.jpg\" data-bg-repeat=\"false\" ><\/div><div class=\"fusion-fullwidth fullwidth-box fusion-builder-row-1 fusion-flex-container fusion-parallax-left nonhundred-percent-fullwidth non-hundred-percent-height-scrolling\" style=\"--awb-background-position:left top;--awb-border-sizes-top:0px;--awb-border-sizes-bottom:0px;--awb-border-sizes-left:0px;--awb-border-sizes-right:0px;--awb-border-radius-top-left:0px;--awb-border-radius-top-right:0px;--awb-border-radius-bottom-right:0px;--awb-border-radius-bottom-left:0px;--awb-padding-top:52px;--awb-padding-bottom:56px;--awb-margin-bottom:0px;--awb-background-image:url(&quot;http:\/\/www.philippedardel.com\/wp-content\/uploads\/2022\/10\/Essai-Fond-20-scaled-e1667474623332.jpg&quot;);--awb-background-size:cover;--awb-flex-wrap:wrap;\" ><div class=\"fusion-builder-row fusion-row fusion-flex-align-items-flex-start fusion-flex-content-wrap\" style=\"max-width:1248px;margin-left: calc(-4% \/ 2 );margin-right: calc(-4% \/ 2 );\"><div class=\"fusion-layout-column fusion_builder_column fusion-builder-column-0 fusion_builder_column_3_4 3_4 fusion-flex-column\" style=\"--awb-bg-blend:overlay;--awb-bg-size:cover;--awb-width-large:75%;--awb-margin-top-large:0px;--awb-spacing-right-large:2.56%;--awb-margin-bottom-large:20px;--awb-spacing-left-large:2.56%;--awb-width-medium:75%;--awb-spacing-right-medium:2.56%;--awb-spacing-left-medium:2.56%;--awb-width-small:100%;--awb-spacing-right-small:1.92%;--awb-spacing-left-small:1.92%;\"><div class=\"fusion-column-wrapper fusion-flex-justify-content-flex-start fusion-content-layout-column\"><div class=\"fusion-title title fusion-title-1 fusion-sep-none fusion-title-text fusion-title-size-two\" style=\"--awb-text-color:var(--awb-color1);\"><h2 class=\"fusion-title-heading title-heading-left\" style=\"font-family:-apple-system, BlinkMacSystemFont, &#039;Segoe UI&#039;, Roboto, Oxygen-Sans, Ubuntu, Cantarell, &#039;Helvetica Neue&#039; ,sans-serif;font-style:normal;font-weight:400;margin:0;\">\u00a0VID\u00c9O<\/h2><\/div><div class=\"fusion-image-element \" style=\"--awb-caption-title-font-family:var(--h2_typography-font-family);--awb-caption-title-font-weight:var(--h2_typography-font-weight);--awb-caption-title-font-style:var(--h2_typography-font-style);--awb-caption-title-size:var(--h2_typography-font-size);--awb-caption-title-transform:var(--h2_typography-text-transform);--awb-caption-title-line-height:var(--h2_typography-line-height);--awb-caption-title-letter-spacing:var(--h2_typography-letter-spacing);\"><span class=\" fusion-imageframe imageframe-none imageframe-1 hover-type-none fusion-animated\" data-animationType=\"fadeInDown\" data-animationDuration=\"1.0\" data-animationOffset=\"top-into-view\"><img decoding=\"async\" width=\"400\" height=\"160\" alt=\"Guitare logo moyenne\" title=\"Guitare logo moyenne\" src=\"http:\/\/www.philippedardel.com\/wp-content\/uploads\/2022\/10\/Guitare-seule3-1-e1666646544916.png\" class=\"img-responsive wp-image-1087\" srcset=\"https:\/\/www.philippedardel.com\/wp-content\/uploads\/2022\/10\/Guitare-seule3-1-e1666646544916-200x80.png 200w, https:\/\/www.philippedardel.com\/wp-content\/uploads\/2022\/10\/Guitare-seule3-1-e1666646544916.png 400w\" sizes=\"(max-width: 640px) 100vw, 400px\" \/><\/span><\/div><div class=\"fusion-separator fusion-full-width-sep\" style=\"align-self: center;margin-left: auto;margin-right: auto;margin-bottom:40px;width:100%;\"><\/div><div class=\"fusion-text fusion-text-1\" style=\"--awb-font-size:25px;--awb-text-color:var(--awb-color1);--awb-margin-left:15px;\"><p><i>D&rsquo;ici peu fleuriront bien d&rsquo;autres vid\u00e9os sur cette page&#8230;<\/i><\/p>\n<\/div><div class=\"fusion-separator fusion-full-width-sep\" style=\"align-self: center;margin-left: auto;margin-right: auto;margin-top:20px;width:100%;\"><\/div><\/div><\/div><\/div><\/div><div class=\"fusion-fullwidth fullwidth-box fusion-builder-row-2 fusion-flex-container has-pattern-background has-mask-background nonhundred-percent-fullwidth non-hundred-percent-height-scrolling\" style=\"--awb-border-radius-top-left:0px;--awb-border-radius-top-right:0px;--awb-border-radius-bottom-right:0px;--awb-border-radius-bottom-left:0px;--awb-flex-wrap:wrap;\" ><div class=\"fusion-builder-row fusion-row fusion-flex-align-items-flex-start fusion-flex-content-wrap\" style=\"max-width:1248px;margin-left: calc(-4% \/ 2 );margin-right: calc(-4% \/ 2 );\"><div class=\"fusion-layout-column fusion_builder_column fusion-builder-column-1 fusion_builder_column_1_1 1_1 fusion-flex-column\" style=\"--awb-bg-size:cover;--awb-width-large:100%;--awb-margin-top-large:0px;--awb-spacing-right-large:1.92%;--awb-margin-bottom-large:20px;--awb-spacing-left-large:1.92%;--awb-width-medium:100%;--awb-order-medium:0;--awb-spacing-right-medium:1.92%;--awb-spacing-left-medium:1.92%;--awb-width-small:100%;--awb-order-small:0;--awb-spacing-right-small:1.92%;--awb-spacing-left-small:1.92%;\"><div class=\"fusion-column-wrapper fusion-column-has-shadow fusion-flex-justify-content-flex-start fusion-content-layout-column\"><div class=\"fusion-separator fusion-full-width-sep\" style=\"align-self: center;margin-left: auto;margin-right: auto;margin-bottom:50px;width:100%;\"><\/div><div class=\"fusion-title title fusion-title-2 fusion-sep-none fusion-title-text fusion-title-size-one\" style=\"--awb-font-size:25px;\"><h1 class=\"fusion-title-heading title-heading-left\" style=\"font-family:-apple-system, BlinkMacSystemFont, &#039;Segoe UI&#039;, Roboto, Oxygen-Sans, Ubuntu, Cantarell, &#039;Helvetica Neue&#039; ,sans-serif;font-style:normal;font-weight:400;margin:0;font-size:1em;text-transform:none;\">Vous trouverez tr\u00e8s bient\u00f4t sur cette page des vid\u00e9os p\u00e9dagogiques mais \u00e9galement des enregistrements d&rsquo;arrangements et de compositions.<\/h1><\/div><div class=\"fusion-separator\" style=\"align-self: center;margin-left: auto;margin-right: auto;margin-top:30px;margin-bottom:30px;width:100%;max-width:250px;\"><div class=\"fusion-separator-border sep-single sep-solid\" style=\"--awb-height:20px;--awb-amount:20px;border-color:var(--awb-color3);border-top-width:1px;\"><\/div><\/div><div class=\"fusion-separator fusion-full-width-sep\" style=\"align-self: center;margin-left: auto;margin-right: auto;margin-bottom:20px;width:100%;\"><\/div><div class=\"fusion-title title fusion-title-3 fusion-sep-none fusion-title-text fusion-title-size-one\" style=\"--awb-font-size:30px;\"><h1 class=\"fusion-title-heading title-heading-left\" style=\"margin:0;font-size:1em;\">J&rsquo;aime les Cypr\u00e8s (que l&rsquo;on voit de loin) (Philippe Dardel)<\/h1><\/div><div class=\"fusion-text fusion-text-2\" style=\"--awb-content-alignment:justify;\"><p>Une premi\u00e8re vid\u00e9o \u00e0 caract\u00e8re p\u00e9dagogique pour vous aider \u00e0 jouer cette courte composition venue lors d&rsquo;un s\u00e9jour dans le Lub\u00e9ron.<br \/>La partie accompagnement est assez facile (hormis les 2 derni\u00e8res mesures qui demandent un peu d&rsquo;attention&#8230;).<br \/>Pour ce qui concerne le th\u00e8me, sa mise en place n&rsquo;est pas forc\u00e9ment des plus \u00e9videntes en raison des nombreux contretemps que vous y rencontrerez.<br \/>N&rsquo;oubliez surtout pas qu&rsquo;il vous est possible de ralentir la lecture de cette vid\u00e9o sur Youtube.<br \/>Un grand merci \u00e0 l&rsquo;\u00e9quipe Soundslice qui vous permet de suivre la partition en temps r\u00e9el.<\/p>\n<p>&nbsp;<\/p>\n<\/div><div class=\"fusion-video fusion-youtube\" style=\"--awb-max-width:600px;--awb-max-height:360px;\"><div class=\"video-shortcode\"><div class=\"fluid-width-video-wrapper\" style=\"padding-top:60%;\" ><iframe title=\"YouTube video player 1\" src=\"https:\/\/www.youtube.com\/embed\/ps3YUXGzLGY?wmode=transparent&autoplay=0\" width=\"600\" height=\"360\" allowfullscreen allow=\"autoplay; fullscreen\"><\/iframe><\/div><\/div><\/div><div class=\"fusion-separator\" style=\"align-self: center;margin-left: auto;margin-right: auto;margin-top:30px;margin-bottom:30px;width:100%;max-width:250px;\"><div class=\"fusion-separator-border sep-single sep-solid\" style=\"--awb-height:20px;--awb-amount:20px;border-color:var(--awb-color3);border-top-width:1px;\"><\/div><\/div><div class=\"fusion-title title fusion-title-4 fusion-sep-none fusion-title-text fusion-title-size-one\" style=\"--awb-font-size:30px;\"><h1 class=\"fusion-title-heading title-heading-left\" style=\"margin:0;font-size:1em;\">Angels on the Road (Philippe Dardel)<\/h1><\/div><div class=\"fusion-text fusion-text-3\" style=\"--awb-content-alignment:justify;\"><p>Sur notre parcours de vie, nous avons parfois la chance de croiser le chemin d&rsquo;un ange.<br \/>J&rsquo;ai rencontr\u00e9 celui de Fabien Chevallier il y a quelques d\u00e9cennies maintenant. Il est devenu aussit\u00f4t un ami pr\u00e9cieux dont la bienveillance extr\u00eame \u00e9tait un r\u00e9gal.<br \/>Il \u00e9tait aussi un musicien hors norme qui a guid\u00e9 mes pas.<br \/>Il nous a chaperonn\u00e9 dans son studio pour la r\u00e9alisation du CD Nylon Tales \u00ab\u00a0Une Autre Histoire\u00a0\u00bb. Je r\u00e9alise aujourd&rsquo;hui la chance que nous avons eue de pouvoir b\u00e9n\u00e9ficier de ces pr\u00e9cieux conseils.<br \/>Quelques temps avant son d\u00e9part, je lui ai remis la partition de ce morceau que je tenais \u00e0 lui d\u00e9dier.<br \/>Il est aujourd&rsquo;hui un ange parmi les anges&#8230;<\/p>\n<\/div><div class=\"fusion-video fusion-youtube\" style=\"--awb-max-width:600px;--awb-max-height:360px;\"><div class=\"video-shortcode\"><div class=\"fluid-width-video-wrapper\" style=\"padding-top:60%;\" ><iframe title=\"YouTube video player 2\" src=\"https:\/\/www.youtube.com\/embed\/Gs7Su9wvZtw?wmode=transparent&autoplay=0\" width=\"600\" height=\"360\" allowfullscreen allow=\"autoplay; fullscreen\"><\/iframe><\/div><\/div><\/div><div class=\"fusion-separator\" style=\"align-self: center;margin-left: auto;margin-right: auto;margin-top:30px;margin-bottom:30px;width:100%;max-width:250px;\"><div class=\"fusion-separator-border sep-single sep-solid\" style=\"--awb-height:20px;--awb-amount:20px;border-color:var(--awb-color3);border-top-width:1px;\"><\/div><\/div><div class=\"fusion-title title fusion-title-5 fusion-sep-none fusion-title-text fusion-title-size-one\" style=\"--awb-font-size:30px;\"><h1 class=\"fusion-title-heading title-heading-left\" style=\"margin:0;font-size:1em;\">Un Amor Perdido (Philippe Dardel)<\/h1><\/div><div class=\"fusion-text fusion-text-4\" style=\"--awb-content-alignment:justify;\"><p>Un th\u00e8me d&rsquo;influence ib\u00e9rique empreint d&rsquo;une certaine m\u00e9lancolie.<\/p>\n<p>J&rsquo;en profite pour remercier Thibault Cauvin pour son chaleureux retour \u00e0 l&rsquo;\u00e9coute de ce morceau.<\/p>\n<p>Un clin d&rsquo;oeil \u00e9mu \u00e0 mes \u00e9l\u00e8ves qui auront travaill\u00e9 ce morceau.<\/p>\n<p>Remerciements enfin \u00e0 la femme Elisabeth pour sa patience et ses prises de vue.<\/p>\n<\/div><div class=\"fusion-video fusion-youtube\" style=\"--awb-max-width:600px;--awb-max-height:360px;\"><div class=\"video-shortcode\"><div class=\"fluid-width-video-wrapper\" style=\"padding-top:60%;\" ><iframe title=\"YouTube video player 3\" src=\"https:\/\/www.youtube.com\/embed\/kcuiDXAG6hQ?wmode=transparent&autoplay=0\" width=\"600\" height=\"360\" allowfullscreen allow=\"autoplay; fullscreen\"><\/iframe><\/div><\/div><\/div><div class=\"fusion-separator\" style=\"align-self: center;margin-left: auto;margin-right: auto;margin-top:30px;margin-bottom:30px;width:100%;max-width:250px;\"><div class=\"fusion-separator-border sep-single sep-solid\" style=\"--awb-height:20px;--awb-amount:20px;border-color:var(--awb-color3);border-top-width:1px;\"><\/div><\/div><div class=\"fusion-title title fusion-title-6 fusion-sep-none fusion-title-text fusion-title-size-one\" style=\"--awb-font-size:30px;\"><h1 class=\"fusion-title-heading title-heading-left\" style=\"margin:0;font-size:1em;\">El Viento en El Trigo &nbsp;(Philippe Dardel)<\/h1><\/div><div class=\"fusion-text fusion-text-5\" style=\"--awb-content-alignment:justify;\"><p>Lorsque le vent chaud de l&rsquo;\u00e9t\u00e9 danse dans les bl\u00e9s alors que nous promenons nos chiens&#8230;<\/p>\n<p>Un grand merci \u00e0 ma femme Elisabeth et \u00e0 J\u00e9r\u00f4me Kaarsberg pour la captation vid\u00e9o ainsi qu&rsquo;\u00e0 mon fils Liam Borchardt pour ses pr\u00e9cieux conseils.<\/p>\n<p>Ce morceau sera bient\u00f4t enregistr\u00e9 avec une deuxi\u00e8me voix \u00e0 la fl\u00fbte.<\/p>\n<p>Une pens\u00e9e \u00e9mue pour mes \u00e9l\u00e8ves qui ont souhait\u00e9 jouer ce morceau et l&rsquo;auront entre temps rebaptis\u00e9 : \u00ab\u00a0Le Vent dans le Frigo&#8230;\u00a0\u00bb. C&rsquo;est un autre concept&#8230;<\/p>\n<\/div><div class=\"fusion-video fusion-youtube\" style=\"--awb-max-width:600px;--awb-max-height:360px;\"><div class=\"video-shortcode\"><div class=\"fluid-width-video-wrapper\" style=\"padding-top:60%;\" ><iframe title=\"YouTube video player 4\" src=\"https:\/\/www.youtube.com\/embed\/R-uvgmoRj64?wmode=transparent&autoplay=0\" width=\"600\" height=\"360\" allowfullscreen allow=\"autoplay; fullscreen\"><\/iframe><\/div><\/div><\/div><div class=\"fusion-separator\" style=\"align-self: center;margin-left: auto;margin-right: auto;margin-top:30px;margin-bottom:30px;width:100%;max-width:250px;\"><div class=\"fusion-separator-border sep-single sep-solid\" style=\"--awb-height:20px;--awb-amount:20px;border-color:var(--awb-color3);border-top-width:1px;\"><\/div><\/div><div class=\"fusion-title title fusion-title-7 fusion-sep-none fusion-title-text fusion-title-size-one\" style=\"--awb-font-size:30px;\"><h1 class=\"fusion-title-heading title-heading-left\" style=\"margin:0;font-size:1em;\">Onze sur Dix &nbsp;(Philippe Dardel)<\/h1><\/div><div class=\"fusion-text fusion-text-6\" style=\"--awb-content-alignment:justify;\"><p>Alors que ce th\u00e8me me venait, guitare \u00e0 la main, au sortir de la douche, ma femme est pass\u00e9e devant moi et je me suis dit que si je devais lui donner une note, ce serait 11 sur 10. Je lui d\u00e9die ce morceau.<\/p>\n<p>Merci \u00e0 mes amis Joao Ferreira (contrebasse), Didier Joubert (batterie), Dominique Lambert et mon fils Swan Borchardt (captation vid\u00e9o).<\/p>\n<p>Un remerciement \u00e9galement \u00e0 Andr\u00e9 Mallau (que j&rsquo;esp\u00e8re avoir le plaisir de rencontrer&#8230;), pour son retour sur notre mix, ainsi qu&rsquo;\u00e0 la marque de batteries Santafe.<\/p>\n<\/div><div class=\"fusion-video fusion-youtube\" style=\"--awb-max-width:600px;--awb-max-height:360px;\"><div class=\"video-shortcode\"><div class=\"fluid-width-video-wrapper\" style=\"padding-top:60%;\" ><iframe title=\"YouTube video player 5\" src=\"https:\/\/www.youtube.com\/embed\/ScRjVIOdrBk?wmode=transparent&autoplay=0\" width=\"600\" height=\"360\" allowfullscreen allow=\"autoplay; fullscreen\"><\/iframe><\/div><\/div><\/div><div class=\"fusion-separator\" style=\"align-self: center;margin-left: auto;margin-right: auto;margin-top:30px;margin-bottom:30px;width:100%;max-width:250px;\"><div class=\"fusion-separator-border sep-single sep-solid\" style=\"--awb-height:20px;--awb-amount:20px;border-color:var(--awb-color3);border-top-width:1px;\"><\/div><\/div><div class=\"fusion-title title fusion-title-8 fusion-sep-none fusion-title-text fusion-title-size-one\" style=\"--awb-font-size:30px;\"><h1 class=\"fusion-title-heading title-heading-left\" style=\"margin:0;font-size:1em;\">Lucia (Philippe Dardel)<\/h1><\/div><div class=\"fusion-text fusion-text-7\" style=\"--awb-content-alignment:justify;\"><p>Un morceau d\u00e9di\u00e9 \u00e0 une ancienne \u00e9l\u00e8ve de l&rsquo;\u00c9cole de Musique de Montfort l&rsquo;Amaury que la guitare aura aid\u00e9e dans une p\u00e9riode difficile&#8230;<\/p>\n<p>Merci \u00e0 mes \u00e9l\u00e8ves de la M.J.C. de Rambouillet d&rsquo;y avoir \u00e9t\u00e9 sensibles et merci tout particuli\u00e8rement \u00e0 Florina d&rsquo;avoir troqu\u00e9 sa guitare pour sa fl\u00fbte et \u00e0 C\u00e9dric d&rsquo;avoir consacr\u00e9 du temps au montage de cette vid\u00e9o.<\/p>\n<\/div><div class=\"fusion-video fusion-youtube\" style=\"--awb-max-width:600px;--awb-max-height:360px;\"><div class=\"video-shortcode\"><div class=\"fluid-width-video-wrapper\" style=\"padding-top:60%;\" ><iframe title=\"YouTube video player 6\" src=\"https:\/\/www.youtube.com\/embed\/Sw3L4JcBrAY?wmode=transparent&autoplay=0\" width=\"600\" height=\"360\" allowfullscreen allow=\"autoplay; fullscreen\"><\/iframe><\/div><\/div><\/div><div class=\"fusion-separator\" style=\"align-self: center;margin-left: auto;margin-right: auto;margin-top:50px;margin-bottom:50px;width:100%;max-width:250px;\"><div class=\"fusion-separator-border sep-single sep-solid\" style=\"--awb-height:20px;--awb-amount:20px;border-color:var(--awb-color3);border-top-width:1px;\"><\/div><\/div><div class=\"fusion-title title fusion-title-9 fusion-sep-none fusion-title-text fusion-title-size-one\" style=\"--awb-font-size:30px;\"><h1 class=\"fusion-title-heading title-heading-left\" style=\"margin:0;font-size:1em;\">The Kid (Didier Lockwood)<\/h1><\/div><div class=\"fusion-separator fusion-full-width-sep\" style=\"align-self: center;margin-left: auto;margin-right: auto;margin-bottom:10px;width:100%;\"><\/div><div class=\"fusion-text fusion-text-8\" style=\"--awb-content-alignment:justify;\"><p>Un hommage \u00e0 un illustre musicien : <strong>Didier Lockwood<\/strong>.<\/p>\n<p>Enregistr\u00e9 en avril 2021 avec mes coll\u00e8gues professeurs de l&rsquo;\u00c9cole de Musique de Montfort l&rsquo;Amaury :<br \/><strong>Jean-Loup Lamouroux<\/strong> (Violon) &#8211; <strong>Gr\u00e9gory Martens<\/strong> (Fl\u00fbte) &#8211; <strong>Evariste Burgevin<\/strong> (Clavier) &#8211; <strong>Joao Ferreira<\/strong> (Basse) &#8211; <b>Georges Evangelista<\/b> (Batterie) &#8211; <strong>Ph.Dardel<\/strong> (Guitare)<br \/>Merci \u00e0 <strong>Damien Th\u00e9vin<\/strong> et son \u00e9quipe.<br \/>Un coup de chapeau \u00e0 Jean-Loup qui de formation classique, s&rsquo;est aventur\u00e9  \u00e0 relever le th\u00e8me et l&rsquo;enti\u00e8ret\u00e9 du chorus de <strong>Didier Lockwood<\/strong>. Bravo Jean-Loup !<\/p>\n<\/div><div class=\"fusion-video fusion-youtube\" style=\"--awb-max-width:600px;--awb-max-height:360px;\"><div class=\"video-shortcode\"><div class=\"fluid-width-video-wrapper\" style=\"padding-top:60%;\" ><iframe title=\"YouTube video player 7\" src=\"https:\/\/www.youtube.com\/embed\/ONX7IukcitI?wmode=transparent&autoplay=0\" width=\"600\" height=\"360\" allowfullscreen allow=\"autoplay; fullscreen\"><\/iframe><\/div><\/div><\/div><div class=\"fusion-separator\" style=\"align-self: center;margin-left: auto;margin-right: auto;margin-top:50px;margin-bottom:50px;width:100%;max-width:250px;\"><div class=\"fusion-separator-border sep-single sep-solid\" style=\"--awb-height:20px;--awb-amount:20px;border-color:var(--awb-color3);border-top-width:1px;\"><\/div><\/div><div class=\"fusion-title title fusion-title-10 fusion-sep-none fusion-title-text fusion-title-size-one\" style=\"--awb-font-size:30px;\"><h1 class=\"fusion-title-heading title-heading-left\" style=\"margin:0;font-size:1em;text-transform:none;\">Arthur et la Nouvelle Qu\u00eate<\/h1><\/div><div class=\"fusion-text fusion-text-9\" style=\"--awb-content-alignment:justify;\"><p>Spectacle \u00e9crit par <b>Gwena\u00eblle Roussel<\/b> et <b>Dave Dario<\/b><\/p>\n<p>Quelques extraits en vid\u00e9o du spectacle de pr\u00e9sentation de ce projet prometteur en d\u00e9cembre 2013 (en savoir plus : <a href=\"http:\/\/www.philippedardel.com\/?page_id=643\" target=\"_blank\" rel=\"noopener noreferrer\"><b>ici<\/b><\/a> !) :<br \/><strong>Gwena\u00eblle Roussel<\/strong> (Chant) &#8211; <strong>Dave Dario<\/strong> (Chant et Guitare) &#8211; <strong>Jean-Charles Acquaviva<\/strong> (Clavier) &#8211; <strong>Joao Ferreira<\/strong> (Basse) &#8211; <b>Rodolphe Perroquin<\/b> (Batterie) &#8211; <strong>Ph.Dardel<\/strong> (Guitare)<br \/>J&rsquo;esp\u00e8re de tout coeur que ce spectacle sera produit prochainement, ce qui devait \u00eatre le cas \u00e0 cette \u00e9poque&#8230;<\/p>\n<\/div><div class=\"fusion-video fusion-youtube\" style=\"--awb-max-width:600px;--awb-max-height:360px;\"><div class=\"video-shortcode\"><div class=\"fluid-width-video-wrapper\" style=\"padding-top:60%;\" ><iframe title=\"YouTube video player 8\" src=\"https:\/\/www.youtube.com\/embed\/NTExn8RJBMQ?wmode=transparent&autoplay=0\" width=\"600\" height=\"360\" allowfullscreen allow=\"autoplay; fullscreen\"><\/iframe><\/div><\/div><\/div><div class=\"fusion-separator\" style=\"align-self: center;margin-left: auto;margin-right: auto;margin-top:50px;margin-bottom:50px;width:100%;max-width:250px;\"><div class=\"fusion-separator-border sep-single sep-solid\" style=\"--awb-height:20px;--awb-amount:20px;border-color:var(--awb-color3);border-top-width:1px;\"><\/div><\/div><div class=\"fusion-title title fusion-title-11 fusion-sep-none fusion-title-text fusion-title-size-one\" style=\"--awb-font-size:30px;\"><h1 class=\"fusion-title-heading title-heading-left\" style=\"margin:0;font-size:1em;text-transform:none;\">Vid\u00e9o de pr\u00e9sentation des cours de guitare \u00e0 la M.J.C. de Rambouillet<\/h1><\/div><div class=\"fusion-video fusion-youtube\" style=\"--awb-max-width:600px;--awb-max-height:360px;\"><div class=\"video-shortcode\"><div class=\"fluid-width-video-wrapper\" style=\"padding-top:60%;\" ><iframe title=\"YouTube video player 9\" src=\"https:\/\/www.youtube.com\/embed\/JvJfIwHcSmY?wmode=transparent&autoplay=0\" width=\"600\" height=\"360\" allowfullscreen allow=\"autoplay; fullscreen\"><\/iframe><\/div><\/div><\/div><div class=\"fusion-separator\" style=\"align-self: center;margin-left: auto;margin-right: auto;margin-top:50px;margin-bottom:50px;width:100%;max-width:250px;\"><div class=\"fusion-separator-border sep-single sep-solid\" style=\"--awb-height:20px;--awb-amount:20px;border-color:var(--awb-color3);border-top-width:1px;\"><\/div><\/div><div class=\"fusion-title title fusion-title-12 fusion-sep-none fusion-title-text fusion-title-size-one\" style=\"--awb-font-size:30px;\"><h1 class=\"fusion-title-heading title-heading-left\" style=\"margin:0;font-size:1em;text-transform:none;\">Stevie&rsquo;s Blues (Tommy Emmanuel)<\/h1><\/div><div class=\"fusion-text fusion-text-10\" style=\"--awb-content-alignment:justify;\"><p>En 2008, \u00e0 la <strong>M.J.C. de Rambouillet<\/strong>, avec <strong>Arnaud Monni<\/strong>, devenu fan de <strong>Tommy Emmanuel<\/strong> puis guitariste professionnel.<br \/>\u00c0 cette \u00e9poque il n&rsquo;avait que 3 ou 4 ann\u00e9es de guitare de m\u00e9moire.<br \/>Merci Philippe d&rsquo;avoir film\u00e9 ton fiston.\u00a0<\/p>\n<\/div><div class=\"fusion-video fusion-youtube\" style=\"--awb-max-width:600px;--awb-max-height:360px;\"><div class=\"video-shortcode\"><div class=\"fluid-width-video-wrapper\" style=\"padding-top:60%;\" ><iframe title=\"YouTube video player 10\" src=\"https:\/\/www.youtube.com\/embed\/jifvuCrM7dM?wmode=transparent&autoplay=0\" width=\"600\" height=\"360\" allowfullscreen allow=\"autoplay; fullscreen\"><\/iframe><\/div><\/div><\/div><div class=\"fusion-separator\" style=\"align-self: center;margin-left: auto;margin-right: auto;margin-top:50px;margin-bottom:50px;width:100%;max-width:250px;\"><\/div><\/div><\/div><\/div><\/div><\/p>\n","protected":false},"excerpt":{"rendered":"","protected":false},"author":1,"featured_media":0,"parent":0,"menu_order":0,"comment_status":"closed","ping_status":"closed","template":"100-width.php","meta":{"footnotes":""},"class_list":["post-1998","page","type-page","status-publish","hentry"],"_links":{"self":[{"href":"https:\/\/www.philippedardel.com\/index.php?rest_route=\/wp\/v2\/pages\/1998","targetHints":{"allow":["GET"]}}],"collection":[{"href":"https:\/\/www.philippedardel.com\/index.php?rest_route=\/wp\/v2\/pages"}],"about":[{"href":"https:\/\/www.philippedardel.com\/index.php?rest_route=\/wp\/v2\/types\/page"}],"author":[{"embeddable":true,"href":"https:\/\/www.philippedardel.com\/index.php?rest_route=\/wp\/v2\/users\/1"}],"replies":[{"embeddable":true,"href":"https:\/\/www.philippedardel.com\/index.php?rest_route=%2Fwp%2Fv2%2Fcomments&post=1998"}],"version-history":[{"count":33,"href":"https:\/\/www.philippedardel.com\/index.php?rest_route=\/wp\/v2\/pages\/1998\/revisions"}],"predecessor-version":[{"id":3349,"href":"https:\/\/www.philippedardel.com\/index.php?rest_route=\/wp\/v2\/pages\/1998\/revisions\/3349"}],"wp:attachment":[{"href":"https:\/\/www.philippedardel.com\/index.php?rest_route=%2Fwp%2Fv2%2Fmedia&parent=1998"}],"curies":[{"name":"wp","href":"https:\/\/api.w.org\/{rel}","templated":true}]}}