{"id":9,"date":"2022-10-24T23:19:19","date_gmt":"2022-10-24T21:19:19","guid":{"rendered":"https:\/\/avada.theme-fusion.com_demos\/architecture\/?page_id=9"},"modified":"2026-04-28T17:22:04","modified_gmt":"2026-04-28T15:22:04","slug":"portrait","status":"publish","type":"page","link":"https:\/\/www.philippedardel.com\/?page_id=9","title":{"rendered":"Portrait"},"content":{"rendered":"<p><div class=\"fusion-bg-parallax\" data-bg-align=\"left top\" data-direction=\"up\" data-mute=\"false\" data-opacity=\"100\" data-velocity=\"-0.3\" data-mobile-enabled=\"false\" data-break_parents=\"0\" data-bg-image=\"http:\/\/www.philippedardel.com\/wp-content\/uploads\/2022\/11\/Essai-Fond-Colines-scaled-e1668800945952.jpg\" data-bg-repeat=\"false\" ><\/div><div class=\"fusion-fullwidth fullwidth-box fusion-builder-row-1 fusion-flex-container has-pattern-background has-mask-background fusion-parallax-up nonhundred-percent-fullwidth non-hundred-percent-height-scrolling\" style=\"--awb-background-position:left top;--awb-border-sizes-bottom:0px;--awb-border-sizes-left:0px;--awb-border-sizes-right:0px;--awb-border-radius-top-left:0px;--awb-border-radius-top-right:0px;--awb-border-radius-bottom-right:0px;--awb-border-radius-bottom-left:0px;--awb-padding-top:150px;--awb-padding-right:14px;--awb-padding-bottom:120px;--awb-padding-left:13px;--awb-margin-top:0px;--awb-background-image:url(&quot;http:\/\/www.philippedardel.com\/wp-content\/uploads\/2022\/11\/Essai-Fond-Colines-scaled-e1668800945952.jpg&quot;);--awb-background-size:cover;--awb-flex-wrap:wrap;\" ><div class=\"fusion-builder-row fusion-row fusion-flex-align-items-flex-start fusion-flex-content-wrap\" style=\"max-width:1248px;margin-left: calc(-4% \/ 2 );margin-right: calc(-4% \/ 2 );\"><div class=\"fusion-layout-column fusion_builder_column fusion-builder-column-0 fusion_builder_column_1_1 1_1 fusion-flex-column fusion-flex-align-self-flex-start fusion-column-no-min-height\" style=\"--awb-bg-blend:overlay;--awb-bg-size:cover;--awb-width-large:100%;--awb-margin-top-large:0px;--awb-spacing-right-large:1.92%;--awb-margin-bottom-large:40px;--awb-spacing-left-large:1.92%;--awb-width-medium:100%;--awb-spacing-right-medium:1.92%;--awb-spacing-left-medium:1.92%;--awb-width-small:100%;--awb-spacing-right-small:1.92%;--awb-spacing-left-small:1.92%;\"><div class=\"fusion-column-wrapper fusion-flex-justify-content-flex-start fusion-content-layout-column\"><div class=\"fusion-title title fusion-title-1 fusion-sep-none fusion-title-text fusion-title-size-two\" style=\"--awb-text-color:var(--awb-color1);\"><h2 class=\"fusion-title-heading title-heading-left\" style=\"font-family:-apple-system, BlinkMacSystemFont, &#039;Segoe UI&#039;, Roboto, Oxygen-Sans, Ubuntu, Cantarell, &#039;Helvetica Neue&#039; ,sans-serif;font-style:normal;font-weight:400;margin:0;\">PORTRAIT<\/h2><\/div><div class=\"fusion-image-element \" style=\"--awb-liftup-border-radius:0px;--awb-caption-title-font-family:var(--h2_typography-font-family);--awb-caption-title-font-weight:var(--h2_typography-font-weight);--awb-caption-title-font-style:var(--h2_typography-font-style);--awb-caption-title-size:var(--h2_typography-font-size);--awb-caption-title-transform:var(--h2_typography-text-transform);--awb-caption-title-line-height:var(--h2_typography-line-height);--awb-caption-title-letter-spacing:var(--h2_typography-letter-spacing);\"><div class=\"awb-image-frame awb-image-frame-1 imageframe-liftup\"><span class=\" fusion-imageframe imageframe-none imageframe-1 fusion-animated\" data-animationType=\"fadeInDown\" data-animationDuration=\"1\" data-animationOffset=\"top-into-view\"><a href=\"http:\/\/www.philippedardel.com\/wp-content\/uploads\/2022\/10\/Guitare-seule3-1-400x160.png\" class=\"fusion-lightbox\" data-rel=\"iLightbox[68552308511f3040f92]\" data-title=\"Guitare logo moyenne\" title=\"Guitare logo moyenne\"><img decoding=\"async\" width=\"400\" height=\"160\" alt=\"Guitare logo moyenne\" src=\"http:\/\/www.philippedardel.com\/wp-content\/uploads\/2022\/10\/Guitare-seule3-1-400x160.png\" class=\"img-responsive wp-image-1087\"\/><\/a><\/span><\/div><\/div><div class=\"fusion-text fusion-text-1\" style=\"--awb-font-size:var(--awb-typography2-font-size);--awb-line-height:var(--awb-typography2-line-height);--awb-letter-spacing:var(--awb-typography2-letter-spacing);--awb-text-transform:var(--awb-typography2-text-transform);--awb-text-color:var(--awb-color1);--awb-text-font-family:&quot;Inter&quot;;--awb-text-font-style:normal;--awb-text-font-weight:400;\"><p>\u00a0<\/p>\n<p>La passion au bout des doigts, une soif de cr\u00e9ativit\u00e9, un besoin de transmission&#8230;<\/p>\n<\/div><\/div><\/div><\/div><\/div><div class=\"fusion-fullwidth fullwidth-box fusion-builder-row-2 fusion-flex-container has-pattern-background has-mask-background nonhundred-percent-fullwidth non-hundred-percent-height-scrolling\" style=\"--awb-border-radius-top-left:0px;--awb-border-radius-top-right:0px;--awb-border-radius-bottom-right:0px;--awb-border-radius-bottom-left:0px;--awb-flex-wrap:wrap;\" ><div class=\"fusion-builder-row fusion-row fusion-flex-align-items-flex-start fusion-flex-content-wrap\" style=\"max-width:1248px;margin-left: calc(-4% \/ 2 );margin-right: calc(-4% \/ 2 );\"><\/div><\/div><div class=\"fusion-fullwidth fullwidth-box fusion-builder-row-3 fusion-flex-container nonhundred-percent-fullwidth non-hundred-percent-height-scrolling\" style=\"--awb-background-position:left top;--awb-border-sizes-top:0px;--awb-border-sizes-bottom:0px;--awb-border-sizes-left:0px;--awb-border-sizes-right:0px;--awb-border-radius-top-left:0px;--awb-border-radius-top-right:0px;--awb-border-radius-bottom-right:0px;--awb-border-radius-bottom-left:0px;--awb-padding-top:83px;--awb-padding-bottom:38px;--awb-flex-wrap:wrap;\" ><div class=\"fusion-builder-row fusion-row fusion-flex-align-items-flex-start fusion-flex-content-wrap\" style=\"max-width:1248px;margin-left: calc(-4% \/ 2 );margin-right: calc(-4% \/ 2 );\"><div class=\"fusion-layout-column fusion_builder_column fusion-builder-column-1 fusion_builder_column_1_2 1_2 fusion-flex-column\" style=\"--awb-bg-blend:overlay;--awb-bg-size:cover;--awb-width-large:50%;--awb-margin-top-large:0px;--awb-spacing-right-large:3.84%;--awb-margin-bottom-large:0px;--awb-spacing-left-large:3.84%;--awb-width-medium:50%;--awb-spacing-right-medium:3.84%;--awb-spacing-left-medium:3.84%;--awb-width-small:100%;--awb-spacing-right-small:1.92%;--awb-spacing-left-small:1.92%;\"><div class=\"fusion-column-wrapper fusion-flex-justify-content-flex-start fusion-content-layout-column\"><div class=\"fusion-title title fusion-title-2 fusion-sep-none fusion-title-text fusion-title-size-three\" style=\"--awb-margin-bottom:50px;\"><h3 class=\"fusion-title-heading title-heading-left\" style=\"font-family:-apple-system, BlinkMacSystemFont, &#039;Segoe UI&#039;, Roboto, Oxygen-Sans, Ubuntu, Cantarell, &#039;Helvetica Neue&#039; ,sans-serif;font-style:normal;font-weight:400;margin:0;text-transform:none;\">La guitare tard ou le piano no ?<\/h3><\/div><div class=\"fusion-separator\" style=\"align-self: flex-start;margin-right:auto;margin-top:0px;margin-bottom:40px;width:100%;max-width:170px;\"><div class=\"fusion-separator-border sep-single sep-solid\" style=\"--awb-height:20px;--awb-amount:20px;border-color:var(--awb-color3);border-top-width:3px;\"><\/div><\/div><div class=\"fusion-separator\" style=\"align-self: flex-start;margin-right:auto;margin-top:0px;margin-bottom:30px;width:100%;max-width:170px;\"><\/div><div class=\"fusion-text fusion-text-2\" style=\"--awb-content-alignment:justify;--awb-font-size:16px;--awb-text-font-family:-apple-system, BlinkMacSystemFont, &#039;Segoe UI&#039;, Roboto, Oxygen-Sans, Ubuntu, Cantarell, &#039;Helvetica Neue&#039; ,sans-serif;--awb-text-font-style:normal;--awb-text-font-weight:400;\"><div id=\"id3\" class=\"style_SkipStroke_1 shape-with-text\">\n<div class=\"text-content style_External_389_50\">\n<div class=\"style\">\n<p class=\"paragraph_style_1\">C\u2019est seulement \u00e0 presque 18 ans, alors que j\u2019\u00e9tais passionn\u00e9 de musique, que je fis la connaissance d\u2019un guitariste qui changea le cours de ma vie.<\/p>\n<p class=\"paragraph_style_1\"><b>Yves Jankowiak<\/b> (\u00e9l\u00e8ve de <b>Michel Sadanowski<\/b>), de formation classique se pr\u00e9sente dans mon village pour y donner des cours. Cinq minutes apr\u00e8s que ma m\u00e8re m\u2019ait appris la nouvelle, j\u2019\u00e9tais devant lui. Je l\u2019ai accueilli comme le messie. Enfin, j\u2019allais pouvoir faire de la musique et donner suite \u00e0 ces quelques ann\u00e9es de fl\u00fbte que j\u2019avais suivi avec ferveur au coll\u00e8ge !<\/p>\n<p class=\"paragraph_style_1\">Il me proposa un r\u00e9pertoire vari\u00e9 : <b>Baden Powel, J.S. Bach, George Cardoso, Led Zeppelin&#8230;<\/b><\/p>\n<p class=\"paragraph_style_1\">La s\u00e9duction est imm\u00e9diate et la passion d\u00e9vorante. Je ne pense qu\u2019\u00e0 \u00e7a ! Rentrer du coll\u00e8ge pour jouer.<\/p>\n<p class=\"paragraph_style_1\">Apr\u00e8s deux ann\u00e9es de grande complicit\u00e9 nos chemins se s\u00e9parent et j\u2019emporte avec moi un secret d\u00e9sir de me lib\u00e9rer de la partition et de composer.<\/p>\n<\/div>\n<\/div>\n<\/div>\n<\/div><\/div><\/div><div class=\"fusion-layout-column fusion_builder_column fusion-builder-column-2 fusion_builder_column_1_2 1_2 fusion-flex-column\" style=\"--awb-bg-blend:overlay;--awb-bg-size:cover;--awb-width-large:50%;--awb-margin-top-large:0px;--awb-spacing-right-large:3.84%;--awb-margin-bottom-large:20px;--awb-spacing-left-large:3.84%;--awb-width-medium:50%;--awb-spacing-right-medium:3.84%;--awb-spacing-left-medium:3.84%;--awb-width-small:100%;--awb-spacing-right-small:1.92%;--awb-spacing-left-small:1.92%;\"><div class=\"fusion-column-wrapper fusion-flex-justify-content-flex-start fusion-content-layout-column\"><div class=\"fusion-image-element \" style=\"--awb-caption-title-font-family:var(--h2_typography-font-family);--awb-caption-title-font-weight:var(--h2_typography-font-weight);--awb-caption-title-font-style:var(--h2_typography-font-style);--awb-caption-title-size:var(--h2_typography-font-size);--awb-caption-title-transform:var(--h2_typography-text-transform);--awb-caption-title-line-height:var(--h2_typography-line-height);--awb-caption-title-letter-spacing:var(--h2_typography-letter-spacing);\"><span class=\" fusion-imageframe imageframe-none imageframe-2 hover-type-zoomin fusion-animated\" data-animationType=\"fadeInDown\" data-animationDuration=\"1\" data-animationOffset=\"top-into-view\"><a href=\"http:\/\/www.philippedardel.com\/wp-content\/uploads\/2026\/04\/Phil.jpg\" class=\"fusion-lightbox\" data-rel=\"iLightbox[5ecc54614eef8bdaad7]\" data-title=\"Philippe Dardel guitare\" title=\"Philippe Dardel guitare\"><img decoding=\"async\" width=\"1280\" height=\"724\" src=\"http:\/\/www.philippedardel.com\/wp-content\/uploads\/2026\/04\/Phil.jpg\" alt class=\"img-responsive wp-image-3933\" srcset=\"https:\/\/www.philippedardel.com\/wp-content\/uploads\/2026\/04\/Phil-200x113.jpg 200w, https:\/\/www.philippedardel.com\/wp-content\/uploads\/2026\/04\/Phil-400x226.jpg 400w, https:\/\/www.philippedardel.com\/wp-content\/uploads\/2026\/04\/Phil-600x339.jpg 600w, https:\/\/www.philippedardel.com\/wp-content\/uploads\/2026\/04\/Phil-800x453.jpg 800w, https:\/\/www.philippedardel.com\/wp-content\/uploads\/2026\/04\/Phil-1200x679.jpg 1200w, https:\/\/www.philippedardel.com\/wp-content\/uploads\/2026\/04\/Phil.jpg 1280w\" sizes=\"(max-width: 640px) 100vw, 600px\" \/><\/a><\/span><\/div><div class=\"fusion-separator fusion-full-width-sep\" style=\"align-self: center;margin-left: auto;margin-right: auto;margin-top:40px;width:100%;\"><\/div><div class=\"fusion-text fusion-text-3\" style=\"--awb-content-alignment:justify;--awb-font-size:16px;--awb-text-font-family:-apple-system, BlinkMacSystemFont, &#039;Segoe UI&#039;, Roboto, Oxygen-Sans, Ubuntu, Cantarell, &#039;Helvetica Neue&#039; ,sans-serif;--awb-text-font-style:normal;--awb-text-font-weight:400;\"><p class=\"paragraph_style_1\">La relation d&rsquo;amiti\u00e9 que nous continuons d&rsquo;entretenir avec Yves m&rsquo;est pr\u00e9cieuse.<\/p>\n<p>Nous continuons de nous voir et de nous appeler r\u00e9guli\u00e8rement.<\/p>\n<p>\u00c0 de nombreuses reprises, il est venu constituer notre jury aux examens de guitare dans l&rsquo;\u00c9cole de Musique de Montfort l&rsquo;Amaury.<\/p>\n<p>Je l&rsquo;ai toujours v\u00e9cu avec beaucoup d&rsquo;\u00e9motions&#8230;<\/p>\n<\/div><\/div><\/div><\/div><\/div><div class=\"fusion-bg-parallax\" data-bg-align=\"left top\" data-direction=\"up\" data-mute=\"false\" data-opacity=\"100\" data-velocity=\"-0.3\" data-mobile-enabled=\"false\" data-break_parents=\"0\" data-bg-image=\"http:\/\/www.philippedardel.com\/wp-content\/uploads\/2022\/11\/Essai-Fond-27-scaled-e1668801774349.jpg\" data-bg-repeat=\"false\" ><\/div><div class=\"fusion-fullwidth fullwidth-box fusion-builder-row-4 fusion-flex-container fusion-parallax-up nonhundred-percent-fullwidth non-hundred-percent-height-scrolling\" style=\"--awb-background-position:left top;--awb-border-sizes-top:0px;--awb-border-sizes-bottom:0px;--awb-border-sizes-left:0px;--awb-border-sizes-right:0px;--awb-border-radius-top-left:0px;--awb-border-radius-top-right:0px;--awb-border-radius-bottom-right:0px;--awb-border-radius-bottom-left:0px;--awb-padding-top:150px;--awb-padding-right:14px;--awb-padding-bottom:120px;--awb-padding-left:14px;--awb-background-image:url(&quot;http:\/\/www.philippedardel.com\/wp-content\/uploads\/2022\/11\/Essai-Fond-27-scaled-e1668801774349.jpg&quot;);--awb-background-size:cover;--awb-flex-wrap:wrap;\" ><div class=\"fusion-builder-row fusion-row fusion-flex-align-items-flex-start fusion-flex-content-wrap\" style=\"max-width:1248px;margin-left: calc(-4% \/ 2 );margin-right: calc(-4% \/ 2 );\"><div class=\"fusion-layout-column fusion_builder_column fusion-builder-column-3 fusion_builder_column_1_1 1_1 fusion-flex-column fusion-flex-align-self-flex-start fusion-column-no-min-height\" style=\"--awb-bg-blend:overlay;--awb-bg-size:cover;--awb-width-large:100%;--awb-margin-top-large:0px;--awb-spacing-right-large:1.92%;--awb-margin-bottom-large:40px;--awb-spacing-left-large:1.92%;--awb-width-medium:100%;--awb-spacing-right-medium:1.92%;--awb-spacing-left-medium:1.92%;--awb-width-small:100%;--awb-spacing-right-small:1.92%;--awb-spacing-left-small:1.92%;\"><div class=\"fusion-column-wrapper fusion-flex-justify-content-flex-start fusion-content-layout-column\"><div class=\"fusion-title title fusion-title-3 fusion-sep-none fusion-title-text fusion-title-size-two\" style=\"--awb-text-color:var(--awb-color1);\"><h2 class=\"fusion-title-heading title-heading-left\" style=\"font-family:-apple-system, BlinkMacSystemFont, &#039;Segoe UI&#039;, Roboto, Oxygen-Sans, Ubuntu, Cantarell, &#039;Helvetica Neue&#039; ,sans-serif;font-style:normal;font-weight:400;margin:0;\">La libert\u00e9 dans le jazz<\/h2><\/div><div class=\"fusion-text fusion-text-4\" style=\"--awb-font-size:var(--awb-typography2-font-size);--awb-line-height:var(--awb-typography2-line-height);--awb-letter-spacing:var(--awb-typography2-letter-spacing);--awb-text-transform:var(--awb-typography2-text-transform);--awb-text-color:var(--awb-color1);--awb-text-font-family:&quot;Inter&quot;;--awb-text-font-style:normal;--awb-text-font-weight:400;\"><p>\u00a0<\/p>\n<p>\u00ab\u00a0La vie c&rsquo;est comme le jazz, c&rsquo;est mieux quand tu improvises&#8230;\u00a0\u00bb (George Gershwin)<\/p>\n<\/div><\/div><\/div><\/div><\/div><div class=\"fusion-fullwidth fullwidth-box fusion-builder-row-5 fusion-flex-container has-pattern-background has-mask-background nonhundred-percent-fullwidth non-hundred-percent-height-scrolling\" style=\"--awb-background-position:left top;--awb-border-sizes-top:0px;--awb-border-sizes-bottom:0px;--awb-border-sizes-left:0px;--awb-border-sizes-right:0px;--awb-border-radius-top-left:0px;--awb-border-radius-top-right:0px;--awb-border-radius-bottom-right:0px;--awb-border-radius-bottom-left:0px;--awb-padding-top:50px;--awb-padding-bottom:0px;--awb-flex-wrap:wrap;\" ><div class=\"fusion-builder-row fusion-row fusion-flex-align-items-stretch fusion-flex-content-wrap\" style=\"max-width:1248px;margin-left: calc(-4% \/ 2 );margin-right: calc(-4% \/ 2 );\"><div class=\"fusion-layout-column fusion_builder_column fusion-builder-column-4 fusion_builder_column_1_2 1_2 fusion-flex-column\" style=\"--awb-bg-size:cover;--awb-width-large:50%;--awb-margin-top-large:0px;--awb-spacing-right-large:3.84%;--awb-margin-bottom-large:20px;--awb-spacing-left-large:3.84%;--awb-width-medium:50%;--awb-order-medium:0;--awb-spacing-right-medium:3.84%;--awb-spacing-left-medium:3.84%;--awb-width-small:100%;--awb-order-small:0;--awb-spacing-right-small:1.92%;--awb-spacing-left-small:1.92%;\"><div class=\"fusion-column-wrapper fusion-column-has-shadow fusion-flex-justify-content-flex-start fusion-content-layout-column\"><div class=\"fusion-text fusion-text-5\" style=\"--awb-content-alignment:justify;--awb-font-size:16px;--awb-text-font-family:-apple-system, BlinkMacSystemFont, &#039;Segoe UI&#039;, Roboto, Oxygen-Sans, Ubuntu, Cantarell, &#039;Helvetica Neue&#039; ,sans-serif;--awb-text-font-style:normal;--awb-text-font-weight:400;\"><div id=\"id3\" class=\"style_SkipStroke_1 shape-with-text\">\n<div class=\"text-content style_External_389_50\">\n<div class=\"style\">\n<p class=\"paragraph_style_1\">La d\u00e9couverte de l\u2019univers de <b>Pat Metheny<\/b>, de son lyrisme a \u00e9t\u00e9 certainement un de mes premiers chocs musicaux. La musique dont je r\u00eavais existait d\u00e9j\u00e0&#8230; et r\u00e9alis\u00e9e avec un talent dont je n\u2019avais pas la mesure. J\u2019avais 20 ans.<\/p>\n<p class=\"paragraph_style_1\">Je ne me serais jamais dout\u00e9 que bien des ann\u00e9es plus tard , j\u2019aurais l\u2019occasion de le remercier pour ce bouleversement artistique qu\u2019il avait provoqu\u00e9 en moi.<\/p>\n<p class=\"paragraph_style_1\">Par la suite, j\u2019ai crois\u00e9 le chemin de <b>St\u00e9phane Gu\u00e9ry<\/b> et de <b>Farid Bouziani <\/b>qui ont \u00e9t\u00e9 des r\u00e9v\u00e9lateurs. Je les voyais \u00e9voluer librement sur le manche de leur guitare, improviser, \u00e9changer. \u00c7a a \u00e9t\u00e9 le d\u00e9clic.<\/p>\n<p class=\"paragraph_style_1\">Je me suis mis \u00e0 fr\u00e9quenter assid\u00fbment les clubs de jazz parisiens et \u00e0 relever la nuit les chorus de certains <b>Louis Winsberg, Jean-Marie Ecay, Bir\u00e9li Lagr\u00e8ne, Georges Benson, Larry Carlton, Robben Ford&#8230;<\/b><\/p>\n<p class=\"paragraph_style_1\">Il fallait faire un choix et je d\u00e9cidai alors d\u2019orienter d\u00e9finitivement ma vie vers la musique, adieu la logistique, le monde de l\u2019automobile et des circuits.<\/p>\n<p class=\"paragraph_style_1\">Conscient de mon retard, je me mis \u00e0 travailler la guitare quelques douze \u00e0 quatorze heures par jour en autodidacte, mais de toute \u00e9vidence il me fallait cadrer mon travail.<\/p>\n<\/div>\n<\/div>\n<\/div>\n<\/div><\/div><\/div><div class=\"fusion-layout-column fusion_builder_column fusion-builder-column-5 fusion_builder_column_1_2 1_2 fusion-flex-column\" style=\"--awb-bg-size:cover;--awb-width-large:50%;--awb-margin-top-large:0px;--awb-spacing-right-large:3.84%;--awb-margin-bottom-large:20px;--awb-spacing-left-large:3.84%;--awb-width-medium:50%;--awb-order-medium:0;--awb-spacing-right-medium:3.84%;--awb-spacing-left-medium:3.84%;--awb-width-small:100%;--awb-order-small:0;--awb-spacing-right-small:1.92%;--awb-spacing-left-small:1.92%;\"><div class=\"fusion-column-wrapper fusion-column-has-shadow fusion-flex-justify-content-flex-start fusion-content-layout-column\"><div class=\"fusion-text fusion-text-6\" style=\"--awb-content-alignment:justify;--awb-font-size:16px;--awb-text-font-family:-apple-system, BlinkMacSystemFont, &#039;Segoe UI&#039;, Roboto, Oxygen-Sans, Ubuntu, Cantarell, &#039;Helvetica Neue&#039; ,sans-serif;--awb-text-font-style:normal;--awb-text-font-weight:400;\"><div id=\"id3\" class=\"style_SkipStroke_1 shape-with-text\">\n<div class=\"text-content style_External_389_50\">\n<div class=\"style\">\n<p class=\"paragraph_style_1\"><b>Jean-Fran\u00e7ois Mignot<\/b>, dont j\u2019avais fait la connaissance au Baiser Sal\u00e9 (rue des Lombards) et qui contribuera au d\u00e9veloppement du groupe <b>Nylon Tales <\/b>form\u00e9 \u00e0 cette \u00e9poque (cf. Parcours <b>Nylon Tales<\/b>), me donna alors de pr\u00e9cieux conseils.<\/p>\n<p class=\"paragraph_style_1\"><b>Gilles R\u00e9a<\/b>, dont la sensibilit\u00e9 musicale me transporta, m\u2019orienta vers <b>Michel Perez<\/b> qui enseignait au Conservatoire d\u2019Orsay en section jazz. Michel sera mon guide pendant 8 ann\u00e9es.<\/p>\n<p class=\"paragraph_style_1\">Je ne peux jouer sans penser \u00e0 lui.<\/p>\n<p class=\"paragraph_style_1\">Cette \u00e9poque fut effervescente et correspondit \u00e0 la d\u00e9couverte d\u2019un ph\u00e9nom\u00e8ne de la guitare : <b>Sylvain Luc<\/b>, mon deuxi\u00e8me choc musical. Sylvain \u00e9tait d\u2019un avis unanime un musicien qui a repouss\u00e9 les fronti\u00e8res de l\u2019utilisation de cet instrument. Il ne jouait plus de la guitare, il \u00e9tait pass\u00e9 au cap suivant. Le champ d\u2019investigation qu\u2019il offrait \u00e0 l\u2019improvisation \u00e9tait \u00e9poustouflant.<\/p>\n<p class=\"paragraph_style_1\">Il \u00e9tait et reste incontournable.<\/p>\n<\/div>\n<\/div>\n<\/div>\n<\/div><\/div><\/div><\/div><\/div><div class=\"fusion-fullwidth fullwidth-box fusion-builder-row-6 fusion-flex-container has-pattern-background has-mask-background nonhundred-percent-fullwidth non-hundred-percent-height-scrolling\" style=\"--awb-background-position:left top;--awb-border-sizes-top:0px;--awb-border-sizes-bottom:0px;--awb-border-sizes-left:0px;--awb-border-sizes-right:0px;--awb-border-radius-top-left:0px;--awb-border-radius-top-right:0px;--awb-border-radius-bottom-right:0px;--awb-border-radius-bottom-left:0px;--awb-padding-top:47px;--awb-padding-bottom:0px;--awb-margin-top:0px;--awb-flex-wrap:wrap;\" ><div class=\"fusion-builder-row fusion-row fusion-flex-align-items-stretch fusion-flex-content-wrap\" style=\"max-width:1248px;margin-left: calc(-4% \/ 2 );margin-right: calc(-4% \/ 2 );\"><div class=\"fusion-layout-column fusion_builder_column fusion-builder-column-6 fusion_builder_column_1_3 1_3 fusion-flex-column\" style=\"--awb-bg-size:cover;--awb-width-large:33.333333333333%;--awb-margin-top-large:0px;--awb-spacing-right-large:5.76%;--awb-margin-bottom-large:20px;--awb-spacing-left-large:5.76%;--awb-width-medium:33.333333333333%;--awb-order-medium:0;--awb-spacing-right-medium:5.76%;--awb-spacing-left-medium:5.76%;--awb-width-small:100%;--awb-order-small:0;--awb-spacing-right-small:1.92%;--awb-spacing-left-small:1.92%;\"><div class=\"fusion-column-wrapper fusion-column-has-shadow fusion-flex-justify-content-flex-start fusion-content-layout-column\"><div class=\"fusion-title title fusion-title-4 fusion-sep-none fusion-title-text fusion-title-size-three\" style=\"--awb-margin-bottom:50px;\"><h3 class=\"fusion-title-heading title-heading-left\" style=\"font-family:-apple-system, BlinkMacSystemFont, &#039;Segoe UI&#039;, Roboto, Oxygen-Sans, Ubuntu, Cantarell, &#039;Helvetica Neue&#039; ,sans-serif;font-style:normal;font-weight:400;margin:0;\">La sc\u00e8ne<\/h3><\/div><div class=\"fusion-separator\" style=\"align-self: flex-start;margin-right:auto;margin-top:0px;margin-bottom:40px;width:100%;max-width:170px;\"><div class=\"fusion-separator-border sep-single sep-solid\" style=\"--awb-height:20px;--awb-amount:20px;border-color:var(--awb-color3);border-top-width:3px;\"><\/div><\/div><div class=\"fusion-separator\" style=\"align-self: flex-start;margin-right:auto;margin-top:0px;margin-bottom:30px;width:100%;max-width:170px;\"><\/div><div class=\"fusion-text fusion-text-7\" style=\"--awb-content-alignment:justify;--awb-font-size:16px;--awb-text-font-family:-apple-system, BlinkMacSystemFont, &#039;Segoe UI&#039;, Roboto, Oxygen-Sans, Ubuntu, Cantarell, &#039;Helvetica Neue&#039; ,sans-serif;--awb-text-font-style:normal;--awb-text-font-weight:400;\"><div id=\"id3\" class=\"style_SkipStroke_1 shape-with-text\">\n<div class=\"text-content style_External_389_50\">\n<div class=\"style\">\n<p class=\"paragraph_style_1\">La sc\u00e8ne est un moment irrempla\u00e7able.<\/p>\n<p class=\"paragraph_style_1\">Ces instants de partage entre musiciens et avec le public, j\u2019ai eu le plaisir de commencer \u00e0 les vivre en 1988 gr\u00e2ce \u00e0 <b>Antoine Busquet<\/b> (cf. <a href=\"http:\/\/www.philippedardel.com\/?page_id=555\" target=\"_blank\" rel=\"noopener noreferrer\">Parcours Nylon Tales<\/a>) avec qui nous formions un duo de guitare que nous baptiserons quelques ann\u00e9es plus tard : <a class=\"class3\" title=\"Nylon_Tales.html\" href=\"Nylon_Tales.html\">\u00ab<\/a><a href=\"http:\/\/www.philippedardel.com\/?page_id=555\">Nylon Tales<\/a><a class=\"class3\" title=\"Nylon_Tales.html\" href=\"Nylon_Tales.html\">\u00bb<\/a> (des contes sur des cordes nylon). Le duo est devenu trio en 1995 avec <b>Patrick Hantz<\/b> piqueur de grand talent.<\/p>\n<p class=\"paragraph_style_1\">Pendant 10 ans notre fief fut le Morbihan.<\/p>\n<p class=\"paragraph_style_1\">Le groupe, en formations modulables, n\u2019a cess\u00e9 de se produire depuis.<\/p>\n<p class=\"paragraph_style_1\">\u00a0<\/p>\n<\/div>\n<\/div>\n<\/div>\n<\/div><\/div><\/div><div class=\"fusion-layout-column fusion_builder_column fusion-builder-column-7 fusion_builder_column_1_3 1_3 fusion-flex-column\" style=\"--awb-bg-size:cover;--awb-width-large:33.333333333333%;--awb-margin-top-large:0px;--awb-spacing-right-large:5.76%;--awb-margin-bottom-large:20px;--awb-spacing-left-large:5.76%;--awb-width-medium:33.333333333333%;--awb-order-medium:0;--awb-spacing-right-medium:5.76%;--awb-spacing-left-medium:5.76%;--awb-width-small:100%;--awb-order-small:0;--awb-spacing-right-small:1.92%;--awb-spacing-left-small:1.92%;\"><div class=\"fusion-column-wrapper fusion-column-has-shadow fusion-flex-justify-content-flex-start fusion-content-layout-column\"><div class=\"fusion-image-element \" style=\"--awb-caption-title-font-family:var(--h2_typography-font-family);--awb-caption-title-font-weight:var(--h2_typography-font-weight);--awb-caption-title-font-style:var(--h2_typography-font-style);--awb-caption-title-size:var(--h2_typography-font-size);--awb-caption-title-transform:var(--h2_typography-text-transform);--awb-caption-title-line-height:var(--h2_typography-line-height);--awb-caption-title-letter-spacing:var(--h2_typography-letter-spacing);\"><span class=\" fusion-imageframe imageframe-none imageframe-3 hover-type-zoomin\"><img decoding=\"async\" width=\"662\" height=\"442\" alt=\"Jeff Mignot &amp; Philippe porto-Vecchio\" title=\"Jeff &#038; Phil\" src=\"http:\/\/www.philippedardel.com\/wp-content\/uploads\/2022\/10\/Jeff-Phil.jpg\" class=\"img-responsive wp-image-1123\" srcset=\"https:\/\/www.philippedardel.com\/wp-content\/uploads\/2022\/10\/Jeff-Phil-200x134.jpg 200w, https:\/\/www.philippedardel.com\/wp-content\/uploads\/2022\/10\/Jeff-Phil-400x267.jpg 400w, https:\/\/www.philippedardel.com\/wp-content\/uploads\/2022\/10\/Jeff-Phil-600x401.jpg 600w, https:\/\/www.philippedardel.com\/wp-content\/uploads\/2022\/10\/Jeff-Phil.jpg 662w\" sizes=\"(max-width: 640px) 100vw, 400px\" \/><\/span><\/div><div class=\"fusion-separator\" style=\"align-self: flex-start;margin-right:auto;margin-top:0px;margin-bottom:30px;width:100%;max-width:170px;\"><\/div><div class=\"fusion-text fusion-text-8\" style=\"--awb-content-alignment:justify;--awb-font-size:16px;--awb-text-font-family:-apple-system, BlinkMacSystemFont, &#039;Segoe UI&#039;, Roboto, Oxygen-Sans, Ubuntu, Cantarell, &#039;Helvetica Neue&#039; ,sans-serif;--awb-text-font-style:normal;--awb-text-font-weight:400;\"><p><em>(Concert \u00e0 Port-Vecchio avec <b>Jeff Mignot<\/b>)<\/em><\/p>\n<p class=\"paragraph_style_1\">Parall\u00e8lement, j\u2019ai int\u00e9gr\u00e9 un groupe de bal : \u00ab<b>Cap Music<\/b>\u00bb avec lequel j\u2019ai tourn\u00e9 pendant 8 huit ans. Le bal est une excellente \u00e9cole de la musique.<br \/>J&rsquo;ai eu le plaisir de retrouver mes copains de bal : <strong>Michel Djordjian<\/strong> (chant et harmonica), <strong>Nicolas Djordjian<\/strong> (chant et batterie), <strong>Pierre Djordjian<\/strong> (clavier), ainsi que <strong>Caroline Lesueur<\/strong> (chant) sur les enregistrements du disque <a href=\"http:\/\/www.philippedardel.com\/?page_id=555\">Nylon Tales \u00ab\u00a0Une Autre Histoire\u00a0\u00bb<\/a> et sur les trois morceaux enregistr\u00e9s pour <a href=\"http:\/\/www.philippedardel.com\/?page_id=643\">Leila Stasia<\/a>.<\/p>\n<p class=\"paragraph_style_1\">En 2000, toujours avec mon comp\u00e8re Antoine, nous avons eu l\u2019occasion d\u2019accompagner <b>G\u00e9rard Lenorman<\/b> devant 17000 personnes. \u00c7a donne envie de r\u00e9it\u00e9rer&#8230;<\/p>\n<\/div><\/div><\/div><div class=\"fusion-layout-column fusion_builder_column fusion-builder-column-8 fusion_builder_column_1_3 1_3 fusion-flex-column\" style=\"--awb-bg-size:cover;--awb-width-large:33.333333333333%;--awb-margin-top-large:0px;--awb-spacing-right-large:5.76%;--awb-margin-bottom-large:20px;--awb-spacing-left-large:5.76%;--awb-width-medium:33.333333333333%;--awb-order-medium:0;--awb-spacing-right-medium:5.76%;--awb-spacing-left-medium:5.76%;--awb-width-small:100%;--awb-order-small:0;--awb-spacing-right-small:1.92%;--awb-spacing-left-small:1.92%;\"><div class=\"fusion-column-wrapper fusion-column-has-shadow fusion-flex-justify-content-flex-start fusion-content-layout-column\"><div class=\"fusion-image-element \" style=\"--awb-aspect-ratio:1 \/ 1;--awb-object-position:32% 50%;--awb-caption-title-font-family:var(--h2_typography-font-family);--awb-caption-title-font-weight:var(--h2_typography-font-weight);--awb-caption-title-font-style:var(--h2_typography-font-style);--awb-caption-title-size:var(--h2_typography-font-size);--awb-caption-title-transform:var(--h2_typography-text-transform);--awb-caption-title-line-height:var(--h2_typography-line-height);--awb-caption-title-letter-spacing:var(--h2_typography-letter-spacing);\"><span class=\" fusion-imageframe imageframe-none imageframe-4 hover-type-zoomin has-aspect-ratio fusion-animated\" data-animationType=\"fadeInDown\" data-animationDuration=\"1\" data-animationOffset=\"top-into-view\"><a href=\"http:\/\/www.philippedardel.com\/wp-content\/uploads\/2022\/11\/Joao-et-vanessa.jpg\" class=\"fusion-lightbox\" data-rel=\"iLightbox[be51bf29a1346e3cc7b]\" data-title=\"Joao et vanessa**\" title=\"Joao et vanessa**\"><img decoding=\"async\" width=\"1536\" height=\"2048\" alt=\"Joao et vanessa**\" src=\"http:\/\/www.philippedardel.com\/wp-content\/uploads\/2022\/11\/Joao-et-vanessa.jpg\" class=\"img-responsive wp-image-2476 img-with-aspect-ratio\" srcset=\"https:\/\/www.philippedardel.com\/wp-content\/uploads\/2022\/11\/Joao-et-vanessa-200x267.jpg 200w, https:\/\/www.philippedardel.com\/wp-content\/uploads\/2022\/11\/Joao-et-vanessa-400x533.jpg 400w, https:\/\/www.philippedardel.com\/wp-content\/uploads\/2022\/11\/Joao-et-vanessa-600x800.jpg 600w, https:\/\/www.philippedardel.com\/wp-content\/uploads\/2022\/11\/Joao-et-vanessa-800x1067.jpg 800w, https:\/\/www.philippedardel.com\/wp-content\/uploads\/2022\/11\/Joao-et-vanessa-1200x1600.jpg 1200w, https:\/\/www.philippedardel.com\/wp-content\/uploads\/2022\/11\/Joao-et-vanessa.jpg 1536w\" sizes=\"(max-width: 640px) 100vw, 400px\" \/><\/a><\/span><\/div><div class=\"fusion-separator fusion-full-width-sep\" style=\"align-self: center;margin-left: auto;margin-right: auto;margin-top:40px;width:100%;\"><\/div><div class=\"fusion-text fusion-text-9\" style=\"--awb-content-alignment:justify;--awb-font-size:16px;--awb-text-font-family:-apple-system, BlinkMacSystemFont, &#039;Segoe UI&#039;, Roboto, Oxygen-Sans, Ubuntu, Cantarell, &#039;Helvetica Neue&#039; ,sans-serif;--awb-text-font-style:normal;--awb-text-font-weight:400;\"><p><em>(Toujours \u00e0 Porto-Vecchio avec <b>Vanessa Caracci<\/b> et <b>Joao Ferreira<\/b>)<\/em><\/p>\n<p class=\"paragraph_style_1\">Les tourn\u00e9es sont devenues principalement m\u00e9diterran\u00e9ennes \u00e0 partir de 2006 avec Nylon Tales (sur la r\u00e9gion de Saint-Tropez puis en Corse).<br \/>Elles sont devenues franchement Corse, en 2010 avec un trio Chant (<b>Vanessa Caracci<\/b>) &#8211; Basse (<b>Joao Ferreira<\/b>) &#8211; Guitare baptis\u00e9 <a href=\"http:\/\/www.philippedardel.com\/?page_id=641\">Breezin<\/a>. Notre r\u00e9pertoire \u00e9tait pop-jazz et nous avons eu le plaisir de nous produire dans les plus \u00e9tablissements du sud de l&rsquo;\u00eele de Beaut\u00e9. La formation de ce trio aura donn\u00e9 lieu \u00e0 l&rsquo;enregistrement d&rsquo;un cd 5 titres de reprises sur des esth\u00e9tiques vari\u00e9es.<\/p>\n<\/div><\/div><\/div><\/div><\/div><div class=\"fusion-bg-parallax\" data-bg-align=\"left top\" data-direction=\"up\" data-mute=\"false\" data-opacity=\"100\" data-velocity=\"-0.3\" data-mobile-enabled=\"false\" data-break_parents=\"0\" data-bg-image=\"http:\/\/www.philippedardel.com\/wp-content\/uploads\/2022\/11\/Essai-Fond-26-scaled-e1668799685118.jpg\" data-bg-repeat=\"false\" ><\/div><div class=\"fusion-fullwidth fullwidth-box fusion-builder-row-7 fusion-flex-container has-pattern-background has-mask-background fusion-parallax-up nonhundred-percent-fullwidth non-hundred-percent-height-scrolling\" style=\"--awb-background-position:left top;--awb-border-sizes-top:0px;--awb-border-sizes-bottom:0px;--awb-border-sizes-left:0px;--awb-border-sizes-right:0px;--awb-border-radius-top-left:0px;--awb-border-radius-top-right:0px;--awb-border-radius-bottom-right:0px;--awb-border-radius-bottom-left:0px;--awb-padding-top:150px;--awb-padding-right:14px;--awb-padding-bottom:130px;--awb-padding-left:14px;--awb-background-image:url(&quot;http:\/\/www.philippedardel.com\/wp-content\/uploads\/2022\/11\/Essai-Fond-26-scaled-e1668799685118.jpg&quot;);--awb-background-size:cover;--awb-flex-wrap:wrap;\" ><div class=\"fusion-builder-row fusion-row fusion-flex-align-items-flex-start fusion-flex-content-wrap\" style=\"max-width:1248px;margin-left: calc(-4% \/ 2 );margin-right: calc(-4% \/ 2 );\"><div class=\"fusion-layout-column fusion_builder_column fusion-builder-column-9 fusion_builder_column_1_1 1_1 fusion-flex-column\" style=\"--awb-bg-size:cover;--awb-width-large:100%;--awb-margin-top-large:0px;--awb-spacing-right-large:1.92%;--awb-margin-bottom-large:20px;--awb-spacing-left-large:1.92%;--awb-width-medium:100%;--awb-order-medium:0;--awb-spacing-right-medium:1.92%;--awb-spacing-left-medium:1.92%;--awb-width-small:100%;--awb-order-small:0;--awb-spacing-right-small:1.92%;--awb-spacing-left-small:1.92%;\"><div class=\"fusion-column-wrapper fusion-column-has-shadow fusion-flex-justify-content-flex-start fusion-content-layout-column\"><div class=\"fusion-title title fusion-title-5 fusion-sep-none fusion-title-text fusion-title-size-two\" style=\"--awb-text-color:var(--awb-color1);\"><h2 class=\"fusion-title-heading title-heading-left\" style=\"font-family:-apple-system, BlinkMacSystemFont, &#039;Segoe UI&#039;, Roboto, Oxygen-Sans, Ubuntu, Cantarell, &#039;Helvetica Neue&#039; ,sans-serif;font-style:normal;font-weight:400;margin:0;\">Les rencontres&#8230;<\/h2><\/div><div class=\"fusion-separator fusion-full-width-sep\" style=\"align-self: center;margin-left: auto;margin-right: auto;margin-top:32px;width:100%;\"><\/div><div class=\"fusion-text fusion-text-10\" style=\"--awb-font-size:var(--awb-typography2-font-size);--awb-line-height:var(--awb-typography2-line-height);--awb-letter-spacing:var(--awb-typography2-letter-spacing);--awb-text-transform:var(--awb-typography2-text-transform);--awb-text-color:var(--awb-color1);--awb-text-font-family:&quot;Inter&quot;;--awb-text-font-style:normal;--awb-text-font-weight:400;\"><p>Les rencontres font la richesse d&rsquo;une vie. Les artistes dont j&rsquo;ai crois\u00e9 le chemin et qui ont marqu\u00e9 mon parcours sont dans chacune de mes notes.<\/p>\n<\/div><\/div><\/div><\/div><\/div><div class=\"fusion-fullwidth fullwidth-box fusion-builder-row-8 fusion-flex-container has-pattern-background has-mask-background nonhundred-percent-fullwidth non-hundred-percent-height-scrolling\" style=\"--awb-background-position:left top;--awb-border-sizes-top:0px;--awb-border-sizes-bottom:0px;--awb-border-sizes-left:0px;--awb-border-sizes-right:0px;--awb-border-radius-top-left:0px;--awb-border-radius-top-right:0px;--awb-border-radius-bottom-right:0px;--awb-border-radius-bottom-left:0px;--awb-padding-top:56px;--awb-padding-bottom:30px;--awb-flex-wrap:wrap;\" ><div class=\"fusion-builder-row fusion-row fusion-flex-align-items-stretch fusion-flex-content-wrap\" style=\"max-width:1248px;margin-left: calc(-4% \/ 2 );margin-right: calc(-4% \/ 2 );\"><div class=\"fusion-layout-column fusion_builder_column fusion-builder-column-10 fusion_builder_column_1_2 1_2 fusion-flex-column\" style=\"--awb-bg-size:cover;--awb-width-large:50%;--awb-margin-top-large:0px;--awb-spacing-right-large:3.84%;--awb-margin-bottom-large:20px;--awb-spacing-left-large:3.84%;--awb-width-medium:50%;--awb-order-medium:0;--awb-spacing-right-medium:3.84%;--awb-spacing-left-medium:3.84%;--awb-width-small:100%;--awb-order-small:0;--awb-spacing-right-small:1.92%;--awb-spacing-left-small:1.92%;\"><div class=\"fusion-column-wrapper fusion-column-has-shadow fusion-flex-justify-content-flex-start fusion-content-layout-column\"><div class=\"fusion-title title fusion-title-6 fusion-sep-none fusion-title-text fusion-title-size-three\" style=\"--awb-margin-bottom:50px;\"><h3 class=\"fusion-title-heading title-heading-left\" style=\"font-family:-apple-system, BlinkMacSystemFont, &#039;Segoe UI&#039;, Roboto, Oxygen-Sans, Ubuntu, Cantarell, &#039;Helvetica Neue&#039; ,sans-serif;font-style:normal;font-weight:400;margin:0;text-transform:none;\">Quelques \u00ab\u00a0piges\u00a0\u00bb et de belles rencontres&#8230;<\/h3><\/div><div class=\"fusion-separator\" style=\"align-self: flex-start;margin-right:auto;margin-top:0px;margin-bottom:40px;width:100%;max-width:170px;\"><div class=\"fusion-separator-border sep-single sep-solid\" style=\"--awb-height:20px;--awb-amount:20px;border-color:var(--awb-color3);border-top-width:3px;\"><\/div><\/div><div class=\"fusion-separator\" style=\"align-self: flex-start;margin-right:auto;margin-top:0px;margin-bottom:20px;width:100%;max-width:170px;\"><\/div><div class=\"fusion-text fusion-text-11\" style=\"--awb-content-alignment:justify;--awb-font-size:16px;--awb-text-font-family:-apple-system, BlinkMacSystemFont, &#039;Segoe UI&#039;, Roboto, Oxygen-Sans, Ubuntu, Cantarell, &#039;Helvetica Neue&#039; ,sans-serif;\"><div id=\"id3\" class=\"style_SkipStroke_1 shape-with-text\">\n<div class=\"text-content style_External_389_50\">\n<div class=\"style\">\n<p class=\"paragraph_style_1\">Pendant deux ann\u00e9es, j\u2019ai eu le plaisir de travailler pour \u00ab<b>Guitarist Magazine<\/b>\u00bb et \u00ab<b>Riff Magazine<\/b>\u00bb.<\/p>\n<p class=\"paragraph_style_1\">\u00c0 l\u2019occasion de sorties d\u2019albums ou de tourn\u00e9es, il m\u2019a \u00e9t\u00e9 donn\u00e9 d\u2019interviewer <b>Louis Winsberg<\/b> (dont j&rsquo;\u00e9tais fan depuis des ann\u00e9es), <b>Gary Lucas<\/b> (guitariste de <b>Jeff Buckley<\/b>), <b>St\u00e9phane Sanseverino<\/b> et <b>Al Di Meola<\/b>.<\/p>\n<p class=\"paragraph_style_1\">\n<\/div>\n<\/div>\n<\/div>\n<\/div><\/div><\/div><div class=\"fusion-layout-column fusion_builder_column fusion-builder-column-11 fusion_builder_column_1_2 1_2 fusion-flex-column\" style=\"--awb-bg-size:cover;--awb-width-large:50%;--awb-margin-top-large:0px;--awb-spacing-right-large:3.84%;--awb-margin-bottom-large:20px;--awb-spacing-left-large:3.84%;--awb-width-medium:50%;--awb-order-medium:0;--awb-spacing-right-medium:3.84%;--awb-spacing-left-medium:3.84%;--awb-width-small:100%;--awb-order-small:0;--awb-spacing-right-small:1.92%;--awb-spacing-left-small:1.92%;\"><div class=\"fusion-column-wrapper fusion-column-has-shadow fusion-flex-justify-content-flex-start fusion-content-layout-column\"><div class=\"fusion-separator\" style=\"align-self: flex-start;margin-right:auto;margin-top:0px;margin-bottom:50px;width:100%;max-width:170px;\"><\/div><div class=\"fusion-text fusion-text-12\" style=\"--awb-content-alignment:justify;--awb-font-size:16px;--awb-text-font-family:-apple-system, BlinkMacSystemFont, &#039;Segoe UI&#039;, Roboto, Oxygen-Sans, Ubuntu, Cantarell, &#039;Helvetica Neue&#039; ,sans-serif;\"><div id=\"id3\" class=\"style_SkipStroke_1 shape-with-text\">\n<div class=\"text-content style_External_389_50\">\n<div class=\"style\">\n<p class=\"paragraph_style_1\">Ces riches \u00e9changes avec ces artistes resteront grav\u00e9s dans ma m\u00e9moire et je les remercie encore pour leur g\u00e9n\u00e9rosit\u00e9.<\/p>\n<p class=\"paragraph_style_1\">\u00c0 vocation p\u00e9dagogique, ces rencontres qui donnaient lieu \u00e0 des relev\u00e9s m\u2019auront permis de m\u2019interroger sur la fa\u00e7on de transmettre au mieux ce qu\u2019ils m\u2019avaient livr\u00e9.<\/p>\n<\/div>\n<\/div>\n<\/div>\n<\/div><\/div><\/div><div class=\"fusion-layout-column fusion_builder_column fusion-builder-column-12 fusion_builder_column_1_2 1_2 fusion-flex-column\" style=\"--awb-bg-size:cover;--awb-width-large:50%;--awb-margin-top-large:0px;--awb-spacing-right-large:3.84%;--awb-margin-bottom-large:20px;--awb-spacing-left-large:3.84%;--awb-width-medium:50%;--awb-order-medium:0;--awb-spacing-right-medium:3.84%;--awb-spacing-left-medium:3.84%;--awb-width-small:100%;--awb-order-small:0;--awb-spacing-right-small:1.92%;--awb-spacing-left-small:1.92%;\"><div class=\"fusion-column-wrapper fusion-column-has-shadow fusion-flex-justify-content-flex-start fusion-content-layout-column\"><div class=\"fusion-title title fusion-title-7 fusion-sep-none fusion-title-text fusion-title-size-three\" style=\"--awb-margin-bottom:50px;\"><h3 class=\"fusion-title-heading title-heading-left\" style=\"font-family:-apple-system, BlinkMacSystemFont, &#039;Segoe UI&#039;, Roboto, Oxygen-Sans, Ubuntu, Cantarell, &#039;Helvetica Neue&#039; ,sans-serif;font-style:normal;font-weight:400;margin:0;text-transform:none;\">Des horizons qui s&rsquo;ouvrent&#8230;<\/h3><\/div><div class=\"fusion-separator\" style=\"align-self: flex-start;margin-right:auto;margin-top:0px;margin-bottom:40px;width:100%;max-width:170px;\"><div class=\"fusion-separator-border sep-single sep-solid\" style=\"--awb-height:20px;--awb-amount:20px;border-color:var(--awb-color3);border-top-width:3px;\"><\/div><\/div><div class=\"fusion-separator\" style=\"align-self: flex-start;margin-right:auto;margin-top:0px;margin-bottom:20px;width:100%;max-width:170px;\"><\/div><div class=\"fusion-text fusion-text-13\" style=\"--awb-content-alignment:justify;--awb-font-size:16px;--awb-text-font-family:-apple-system, BlinkMacSystemFont, &#039;Segoe UI&#039;, Roboto, Oxygen-Sans, Ubuntu, Cantarell, &#039;Helvetica Neue&#039; ,sans-serif;--awb-text-font-style:normal;--awb-text-font-weight:400;\"><div id=\"id3\" class=\"style_SkipStroke_1 shape-with-text\">\n<div class=\"text-content style_External_389_50\">\n<div class=\"style\">\n<p class=\"paragraph_style_1\">Quoi de plus jubilatoire que de continuer de s&rsquo;\u00e9merveiller de ce que la musique peut nous offrir ! Une r\u00e9v\u00e9lation v\u00e9cue lors d&rsquo;un stage que nous avons effectu\u00e9 \u00e0 Nantes en 2022 avec Elisabeth (ma femme), organis\u00e9 par <strong>Manuel Mah\u00e9<\/strong> (sonoth\u00e9rapeute), m&rsquo;a ouvert de nouveaux horizons. Le constat est simple : l&rsquo;\u00e9tendue de ce que l&rsquo;univers sonore peut apporter de bienfaits sur la sant\u00e9 est certainement sous-estim\u00e9  et ce qu&rsquo;il peut offrir de possibilit\u00e9s en terme de cr\u00e9ativit\u00e9 musicale est infini. Je suis atteint de \u00ab\u00a0maboulite sonore\u00a0\u00bb !<\/p>\n<p class=\"paragraph_style_1\">\n<\/div>\n<\/div>\n<\/div>\n<\/div><div class=\"fusion-separator\" style=\"align-self: flex-start;margin-right:auto;margin-top:0px;margin-bottom:20px;width:100%;max-width:170px;\"><\/div><\/div><\/div><div class=\"fusion-layout-column fusion_builder_column fusion-builder-column-13 fusion_builder_column_1_2 1_2 fusion-flex-column\" style=\"--awb-bg-size:cover;--awb-width-large:50%;--awb-margin-top-large:0px;--awb-spacing-right-large:3.84%;--awb-margin-bottom-large:20px;--awb-spacing-left-large:3.84%;--awb-width-medium:50%;--awb-order-medium:0;--awb-spacing-right-medium:3.84%;--awb-spacing-left-medium:3.84%;--awb-width-small:100%;--awb-order-small:0;--awb-spacing-right-small:1.92%;--awb-spacing-left-small:1.92%;\"><div class=\"fusion-column-wrapper fusion-column-has-shadow fusion-flex-justify-content-flex-start fusion-content-layout-column\"><div class=\"fusion-title title fusion-title-8 fusion-sep-none fusion-title-text fusion-title-size-three\" style=\"--awb-margin-bottom:50px;\"><h3 class=\"fusion-title-heading title-heading-left\" style=\"font-family:-apple-system, BlinkMacSystemFont, &#039;Segoe UI&#039;, Roboto, Oxygen-Sans, Ubuntu, Cantarell, &#039;Helvetica Neue&#039; ,sans-serif;font-style:normal;font-weight:400;margin:0;text-transform:none;\">Elphi Studio se dote d&rsquo;un nouvel espace zen<\/h3><\/div><div class=\"fusion-separator\" style=\"align-self: flex-start;margin-right:auto;margin-top:0px;margin-bottom:40px;width:100%;max-width:170px;\"><div class=\"fusion-separator-border sep-single sep-solid\" style=\"--awb-height:20px;--awb-amount:20px;border-color:var(--awb-color3);border-top-width:3px;\"><\/div><\/div><div class=\"fusion-separator\" style=\"align-self: flex-start;margin-right:auto;margin-top:0px;margin-bottom:20px;width:100%;max-width:170px;\"><\/div><div class=\"fusion-image-element \" style=\"--awb-caption-title-font-family:var(--h2_typography-font-family);--awb-caption-title-font-weight:var(--h2_typography-font-weight);--awb-caption-title-font-style:var(--h2_typography-font-style);--awb-caption-title-size:var(--h2_typography-font-size);--awb-caption-title-transform:var(--h2_typography-text-transform);--awb-caption-title-line-height:var(--h2_typography-line-height);--awb-caption-title-letter-spacing:var(--h2_typography-letter-spacing);\"><span class=\" fusion-imageframe imageframe-none imageframe-5 hover-type-none\"><img decoding=\"async\" width=\"2560\" height=\"1920\" alt=\"Espace zen elphi studio\" title=\"Espace zen elphi studio\" src=\"http:\/\/www.philippedardel.com\/wp-content\/uploads\/2022\/11\/Espace-zen-elphi-studio-scaled.jpg\" class=\"img-responsive wp-image-2479\" srcset=\"https:\/\/www.philippedardel.com\/wp-content\/uploads\/2022\/11\/Espace-zen-elphi-studio-200x150.jpg 200w, https:\/\/www.philippedardel.com\/wp-content\/uploads\/2022\/11\/Espace-zen-elphi-studio-400x300.jpg 400w, https:\/\/www.philippedardel.com\/wp-content\/uploads\/2022\/11\/Espace-zen-elphi-studio-600x450.jpg 600w, https:\/\/www.philippedardel.com\/wp-content\/uploads\/2022\/11\/Espace-zen-elphi-studio-800x600.jpg 800w, https:\/\/www.philippedardel.com\/wp-content\/uploads\/2022\/11\/Espace-zen-elphi-studio-1200x900.jpg 1200w, https:\/\/www.philippedardel.com\/wp-content\/uploads\/2022\/11\/Espace-zen-elphi-studio-scaled.jpg 2560w\" sizes=\"(max-width: 640px) 100vw, 600px\" \/><\/span><\/div><\/div><\/div><\/div><\/div><div class=\"fusion-bg-parallax\" data-bg-align=\"left top\" data-direction=\"up\" data-mute=\"false\" data-opacity=\"100\" data-velocity=\"-0.3\" data-mobile-enabled=\"false\" data-break_parents=\"0\" data-bg-image=\"http:\/\/www.philippedardel.com\/wp-content\/uploads\/2022\/11\/Essai-Fond-21-scaled-e1668802885705.jpg\" data-bg-repeat=\"false\" ><\/div><div class=\"fusion-fullwidth fullwidth-box fusion-builder-row-9 fusion-flex-container has-pattern-background has-mask-background fusion-parallax-up nonhundred-percent-fullwidth non-hundred-percent-height-scrolling\" style=\"--awb-background-position:left top;--awb-border-sizes-top:0px;--awb-border-sizes-bottom:0px;--awb-border-sizes-left:0px;--awb-border-sizes-right:0px;--awb-border-radius-top-left:0px;--awb-border-radius-top-right:0px;--awb-border-radius-bottom-right:0px;--awb-border-radius-bottom-left:0px;--awb-padding-top:150px;--awb-padding-right:14px;--awb-padding-bottom:130px;--awb-padding-left:14px;--awb-background-image:url(&quot;http:\/\/www.philippedardel.com\/wp-content\/uploads\/2022\/11\/Essai-Fond-21-scaled-e1668802885705.jpg&quot;);--awb-background-size:cover;--awb-flex-wrap:wrap;\" ><div class=\"fusion-builder-row fusion-row fusion-flex-align-items-flex-start fusion-flex-content-wrap\" style=\"max-width:1248px;margin-left: calc(-4% \/ 2 );margin-right: calc(-4% \/ 2 );\"><div class=\"fusion-layout-column fusion_builder_column fusion-builder-column-14 fusion_builder_column_1_1 1_1 fusion-flex-column\" style=\"--awb-bg-size:cover;--awb-width-large:100%;--awb-margin-top-large:0px;--awb-spacing-right-large:1.92%;--awb-margin-bottom-large:20px;--awb-spacing-left-large:1.92%;--awb-width-medium:100%;--awb-order-medium:0;--awb-spacing-right-medium:1.92%;--awb-spacing-left-medium:1.92%;--awb-width-small:100%;--awb-order-small:0;--awb-spacing-right-small:1.92%;--awb-spacing-left-small:1.92%;\"><div class=\"fusion-column-wrapper fusion-column-has-shadow fusion-flex-justify-content-flex-start fusion-content-layout-column\"><div class=\"fusion-title title fusion-title-9 fusion-sep-none fusion-title-text fusion-title-size-two\" style=\"--awb-text-color:var(--awb-color1);\"><h2 class=\"fusion-title-heading title-heading-left\" style=\"font-family:-apple-system, BlinkMacSystemFont, &#039;Segoe UI&#039;, Roboto, Oxygen-Sans, Ubuntu, Cantarell, &#039;Helvetica Neue&#039; ,sans-serif;font-style:normal;font-weight:400;margin:0;\">L&rsquo;enseignement<\/h2><\/div><div class=\"fusion-separator fusion-full-width-sep\" style=\"align-self: center;margin-left: auto;margin-right: auto;margin-top:32px;width:100%;\"><\/div><div class=\"fusion-text fusion-text-14\" style=\"--awb-font-size:var(--awb-typography2-font-size);--awb-line-height:var(--awb-typography2-line-height);--awb-letter-spacing:var(--awb-typography2-letter-spacing);--awb-text-transform:var(--awb-typography2-text-transform);--awb-text-color:var(--awb-color1);--awb-text-font-family:&quot;Inter&quot;;--awb-text-font-style:normal;--awb-text-font-weight:400;\"><p>Il na\u00eet d&rsquo;un rendez-vous puis n&rsquo;est qu&rsquo;une suite d&rsquo;\u00e9changes bas\u00e9s sur la confiance.<\/p>\n<\/div><\/div><\/div><\/div><\/div><div class=\"fusion-fullwidth fullwidth-box fusion-builder-row-10 fusion-flex-container has-pattern-background has-mask-background nonhundred-percent-fullwidth non-hundred-percent-height-scrolling\" style=\"--awb-border-radius-top-left:0px;--awb-border-radius-top-right:0px;--awb-border-radius-bottom-right:0px;--awb-border-radius-bottom-left:0px;--awb-flex-wrap:wrap;\" ><div class=\"fusion-builder-row fusion-row fusion-flex-align-items-flex-start fusion-flex-content-wrap\" style=\"max-width:1248px;margin-left: calc(-4% \/ 2 );margin-right: calc(-4% \/ 2 );\"><div class=\"fusion-layout-column fusion_builder_column fusion-builder-column-15 fusion_builder_column_1_3 1_3 fusion-flex-column\" style=\"--awb-bg-size:cover;--awb-width-large:33.333333333333%;--awb-margin-top-large:0px;--awb-spacing-right-large:5.76%;--awb-margin-bottom-large:20px;--awb-spacing-left-large:5.76%;--awb-width-medium:33.333333333333%;--awb-order-medium:0;--awb-spacing-right-medium:5.76%;--awb-spacing-left-medium:5.76%;--awb-width-small:100%;--awb-order-small:0;--awb-spacing-right-small:1.92%;--awb-spacing-left-small:1.92%;\"><div class=\"fusion-column-wrapper fusion-column-has-shadow fusion-flex-justify-content-flex-start fusion-content-layout-column\"><div class=\"fusion-separator\" style=\"align-self: flex-start;margin-right:auto;margin-top:0px;margin-bottom:40px;width:100%;max-width:170px;\"><\/div><div class=\"fusion-separator fusion-full-width-sep\" style=\"align-self: center;margin-left: auto;margin-right: auto;margin-top:32px;width:100%;\"><\/div><div class=\"fusion-text fusion-text-15\" style=\"--awb-content-alignment:justify;\"><p class=\"paragraph_style_1\">J\u2019ai toujours eu envie de partager ce qui me faisait vibrer.<br \/>\nL\u2019enseignement est donc arriv\u00e9 fort naturellement dans ma vie de musicien et est rapidement devenu une passion.<br \/>\nJe constate avec bonheur que cette passion, cette joie de transmettre grandit chaque ann\u00e9e.<br \/>\nJe ne peux aujourd\u2019hui me passer du sourire de mes \u00e9l\u00e8ves et de voir la joie qu\u2019ils \u00e9prouvent \u00e0 progresser sur leur instrument.<br \/>\nS\u2019il m\u2019\u00e9tait donn\u00e9 de r\u00e9sumer quel bonheur j\u2019\u00e9prouve \u00e0 enseigner la musique, je le ferais dans le t\u00e9moignage d\u2019Adam, jeune guitariste de 7 ans :<br \/>\n<span class=\"style_1\">\u00ab J\u2019aime passer des moments \u00e0 jouer de la guitare avec mon professeur.<br \/>\n<\/span><\/p>\n<\/div><\/div><\/div><div class=\"fusion-layout-column fusion_builder_column fusion-builder-column-16 fusion_builder_column_1_3 1_3 fusion-flex-column\" style=\"--awb-bg-size:cover;--awb-width-large:33.333333333333%;--awb-margin-top-large:0px;--awb-spacing-right-large:5.76%;--awb-margin-bottom-large:20px;--awb-spacing-left-large:5.76%;--awb-width-medium:33.333333333333%;--awb-order-medium:0;--awb-spacing-right-medium:5.76%;--awb-spacing-left-medium:5.76%;--awb-width-small:100%;--awb-order-small:0;--awb-spacing-right-small:1.92%;--awb-spacing-left-small:1.92%;\"><div class=\"fusion-column-wrapper fusion-column-has-shadow fusion-flex-justify-content-flex-start fusion-content-layout-column\"><div class=\"fusion-separator\" style=\"align-self: flex-start;margin-right:auto;margin-top:0px;margin-bottom:40px;width:100%;max-width:170px;\"><\/div><div class=\"fusion-separator fusion-full-width-sep\" style=\"align-self: center;margin-left: auto;margin-right: auto;margin-top:32px;width:100%;\"><\/div><div class=\"fusion-text fusion-text-16\" style=\"--awb-content-alignment:justify;\"><p class=\"paragraph_style_1\"><span class=\"style_1\">Je vais essayer de faire des progr\u00e8s pour devenir un grand rocker c\u00e9l\u00e8bre.<br \/>\nJe trouve que c\u2019est le plus gentil des professeurs parce que quand je gratouille la guitare <\/span><span class=\"style_1\">n\u2019importe comment, il ne se f\u00e2che m\u00eame pas !<br \/>\n<\/span><span class=\"style_1\">Je trouve que c\u2019est un petit peu difficile de travailler la main gauche \u00e0 la guitare. \u00bb<\/span><\/p>\n<p class=\"paragraph_style_1\"><span class=\"style_1\"><br \/>\nJ\u2019enseigne depuis 25 ans principalement \u00e0 la M.J.C. de Rambouillet (cours de groupe de guitare, de Formation Musicale et d\u2019Eveil Musical) ainsi qu\u2019\u00e0 l&rsquo;\u00c9cole de Musique de Montfort L&rsquo;Amaury (en cours individuels) dont je suis devenu le coordinateur p\u00e9dagogique il y a 19 ans.<br \/>\n<\/span><\/p>\n<\/div><\/div><\/div><div class=\"fusion-layout-column fusion_builder_column fusion-builder-column-17 fusion_builder_column_1_3 1_3 fusion-flex-column\" style=\"--awb-bg-size:cover;--awb-width-large:33.333333333333%;--awb-margin-top-large:0px;--awb-spacing-right-large:5.76%;--awb-margin-bottom-large:20px;--awb-spacing-left-large:5.76%;--awb-width-medium:33.333333333333%;--awb-order-medium:0;--awb-spacing-right-medium:5.76%;--awb-spacing-left-medium:5.76%;--awb-width-small:100%;--awb-order-small:0;--awb-spacing-right-small:1.92%;--awb-spacing-left-small:1.92%;\"><div class=\"fusion-column-wrapper fusion-column-has-shadow fusion-flex-justify-content-flex-start fusion-content-layout-column\"><div class=\"fusion-separator\" style=\"align-self: flex-start;margin-right:auto;margin-top:0px;margin-bottom:65px;width:100%;max-width:170px;\"><\/div><div class=\"fusion-text fusion-text-17\" style=\"--awb-content-alignment:justify;\"><p class=\"paragraph_style_1\">Gr\u00e2ce \u00e0 cette merveilleuse maison qui s&rsquo;appelait l&rsquo;<b>A.R.I.A.M.<\/b>, j&rsquo;ai eu l&rsquo;occasion de vivre de nombreuses journ\u00e9es d&rsquo;information et de formation sur diff\u00e9rents sujets.<br \/>\nL&rsquo;un d&rsquo;eux : \u00ab\u00a0les percussions corporelles \u00a0\u00bb (ou body drum) m&rsquo;aura donn\u00e9 l&rsquo;envie de pousser les investigations un peu plus loin, jusqu&rsquo;\u00e0 proposer des s\u00e9ances d&rsquo;\u00e9veil ou des stages sur ce sujet.<\/p>\n<p class=\"paragraph_style_1\">J\u2019aimerais associer chacun de mes \u00e9l\u00e8ves \u00e0 l\u2019obtention de deux dipl\u00f4mes d\u2019\u00e9tat, l\u2019un en Musiques Actuelles et le second en Jazz. Un grand merci pour tous ces riches \u00e9changes qui m\u2019ont permis de faire valider un parcours p\u00e9dagogique.<\/p>\n<\/div><\/div><\/div><\/div><\/div><div class=\"fusion-fullwidth fullwidth-box fusion-builder-row-11 fusion-flex-container has-pattern-background has-mask-background nonhundred-percent-fullwidth non-hundred-percent-height-scrolling\" style=\"--awb-border-radius-top-left:0px;--awb-border-radius-top-right:0px;--awb-border-radius-bottom-right:0px;--awb-border-radius-bottom-left:0px;--awb-flex-wrap:wrap;\" ><div class=\"fusion-builder-row fusion-row fusion-flex-align-items-flex-start fusion-flex-content-wrap\" style=\"max-width:1248px;margin-left: calc(-4% \/ 2 );margin-right: calc(-4% \/ 2 );\"><div class=\"fusion-layout-column fusion_builder_column fusion-builder-column-18 fusion_builder_column_1_2 1_2 fusion-flex-column\" style=\"--awb-bg-size:cover;--awb-width-large:50%;--awb-margin-top-large:0px;--awb-spacing-right-large:3.84%;--awb-margin-bottom-large:20px;--awb-spacing-left-large:3.84%;--awb-width-medium:50%;--awb-order-medium:0;--awb-spacing-right-medium:3.84%;--awb-spacing-left-medium:3.84%;--awb-width-small:100%;--awb-order-small:0;--awb-spacing-right-small:1.92%;--awb-spacing-left-small:1.92%;\"><div class=\"fusion-column-wrapper fusion-column-has-shadow fusion-flex-justify-content-flex-start fusion-content-layout-column\"><div class=\"fusion-separator fusion-full-width-sep\" style=\"align-self: center;margin-left: auto;margin-right: auto;margin-top:32px;width:100%;\"><\/div><div class=\"fusion-image-element \" style=\"--awb-caption-title-font-family:var(--h2_typography-font-family);--awb-caption-title-font-weight:var(--h2_typography-font-weight);--awb-caption-title-font-style:var(--h2_typography-font-style);--awb-caption-title-size:var(--h2_typography-font-size);--awb-caption-title-transform:var(--h2_typography-text-transform);--awb-caption-title-line-height:var(--h2_typography-line-height);--awb-caption-title-letter-spacing:var(--h2_typography-letter-spacing);\"><span class=\" fusion-imageframe imageframe-none imageframe-6 hover-type-none\"><img decoding=\"async\" width=\"1500\" height=\"1125\" alt=\"Cours guitare enfants MJC\" title=\"Cours enfants MJCJPG*\" src=\"http:\/\/www.philippedardel.com\/wp-content\/uploads\/2022\/11\/Cours-enfants-MJCJPG.jpg\" class=\"img-responsive wp-image-2483\" srcset=\"https:\/\/www.philippedardel.com\/wp-content\/uploads\/2022\/11\/Cours-enfants-MJCJPG-200x150.jpg 200w, https:\/\/www.philippedardel.com\/wp-content\/uploads\/2022\/11\/Cours-enfants-MJCJPG-400x300.jpg 400w, https:\/\/www.philippedardel.com\/wp-content\/uploads\/2022\/11\/Cours-enfants-MJCJPG-600x450.jpg 600w, https:\/\/www.philippedardel.com\/wp-content\/uploads\/2022\/11\/Cours-enfants-MJCJPG-800x600.jpg 800w, https:\/\/www.philippedardel.com\/wp-content\/uploads\/2022\/11\/Cours-enfants-MJCJPG-1200x900.jpg 1200w, https:\/\/www.philippedardel.com\/wp-content\/uploads\/2022\/11\/Cours-enfants-MJCJPG.jpg 1500w\" sizes=\"(max-width: 640px) 100vw, 600px\" \/><\/span><\/div><div class=\"fusion-text fusion-text-18\" style=\"--awb-content-alignment:center;\"><p><em>Cours enfants \u00e0 la M.J.C. de Rambouillet (Octobre 2022)<\/em><\/p>\n<\/div><div class=\"fusion-separator fusion-full-width-sep\" style=\"align-self: center;margin-left: auto;margin-right: auto;margin-top:32px;width:100%;\"><\/div><\/div><\/div><div class=\"fusion-layout-column fusion_builder_column fusion-builder-column-19 fusion_builder_column_1_2 1_2 fusion-flex-column\" style=\"--awb-bg-size:cover;--awb-width-large:50%;--awb-margin-top-large:0px;--awb-spacing-right-large:3.84%;--awb-margin-bottom-large:20px;--awb-spacing-left-large:3.84%;--awb-width-medium:50%;--awb-order-medium:0;--awb-spacing-right-medium:3.84%;--awb-spacing-left-medium:3.84%;--awb-width-small:100%;--awb-order-small:0;--awb-spacing-right-small:1.92%;--awb-spacing-left-small:1.92%;\"><div class=\"fusion-column-wrapper fusion-column-has-shadow fusion-flex-justify-content-flex-start fusion-content-layout-column\"><div class=\"fusion-separator fusion-full-width-sep\" style=\"align-self: center;margin-left: auto;margin-right: auto;margin-top:32px;width:100%;\"><\/div><div class=\"fusion-image-element \" style=\"--awb-caption-title-font-family:var(--h2_typography-font-family);--awb-caption-title-font-weight:var(--h2_typography-font-weight);--awb-caption-title-font-style:var(--h2_typography-font-style);--awb-caption-title-size:var(--h2_typography-font-size);--awb-caption-title-transform:var(--h2_typography-text-transform);--awb-caption-title-line-height:var(--h2_typography-line-height);--awb-caption-title-letter-spacing:var(--h2_typography-letter-spacing);\"><span class=\" fusion-imageframe imageframe-none imageframe-7 hover-type-none\"><img decoding=\"async\" width=\"1500\" height=\"1125\" alt=\"Cours guitare adultes MJC*\" title=\"Cours adultes MJC*\" src=\"http:\/\/www.philippedardel.com\/wp-content\/uploads\/2022\/11\/Cours-adultes-MJC.jpg\" class=\"img-responsive wp-image-2484\" srcset=\"https:\/\/www.philippedardel.com\/wp-content\/uploads\/2022\/11\/Cours-adultes-MJC-200x150.jpg 200w, https:\/\/www.philippedardel.com\/wp-content\/uploads\/2022\/11\/Cours-adultes-MJC-400x300.jpg 400w, https:\/\/www.philippedardel.com\/wp-content\/uploads\/2022\/11\/Cours-adultes-MJC-600x450.jpg 600w, https:\/\/www.philippedardel.com\/wp-content\/uploads\/2022\/11\/Cours-adultes-MJC-800x600.jpg 800w, https:\/\/www.philippedardel.com\/wp-content\/uploads\/2022\/11\/Cours-adultes-MJC-1200x900.jpg 1200w, https:\/\/www.philippedardel.com\/wp-content\/uploads\/2022\/11\/Cours-adultes-MJC.jpg 1500w\" sizes=\"(max-width: 640px) 100vw, 600px\" \/><\/span><\/div><div class=\"fusion-text fusion-text-19\" style=\"--awb-content-alignment:center;\"><p><em>Cours adultes\u00a0<\/em><\/p>\n<\/div><div class=\"fusion-separator fusion-full-width-sep\" style=\"align-self: center;margin-left: auto;margin-right: auto;margin-top:32px;width:100%;\"><\/div><\/div><\/div><\/div><\/div><div class=\"fusion-bg-parallax\" data-bg-align=\"left top\" data-direction=\"up\" data-mute=\"false\" data-opacity=\"100\" data-velocity=\"-0.3\" data-mobile-enabled=\"false\" data-break_parents=\"0\" data-bg-image=\"http:\/\/www.philippedardel.com\/wp-content\/uploads\/2022\/11\/Essai-Fond-23--e1668800724316.jpg\" data-bg-repeat=\"false\" ><\/div><div class=\"fusion-fullwidth fullwidth-box fusion-builder-row-12 fusion-flex-container has-pattern-background has-mask-background fusion-parallax-up nonhundred-percent-fullwidth non-hundred-percent-height-scrolling\" style=\"--awb-background-position:left top;--awb-border-sizes-top:0px;--awb-border-sizes-bottom:0px;--awb-border-sizes-left:0px;--awb-border-sizes-right:0px;--awb-border-radius-top-left:0px;--awb-border-radius-top-right:0px;--awb-border-radius-bottom-right:0px;--awb-border-radius-bottom-left:0px;--awb-padding-top:150px;--awb-padding-right:14px;--awb-padding-bottom:130px;--awb-padding-left:14px;--awb-background-image:url(&quot;http:\/\/www.philippedardel.com\/wp-content\/uploads\/2022\/11\/Essai-Fond-23--e1668800724316.jpg&quot;);--awb-background-size:cover;--awb-flex-wrap:wrap;\" ><div class=\"fusion-builder-row fusion-row fusion-flex-align-items-flex-start fusion-flex-content-wrap\" style=\"max-width:1248px;margin-left: calc(-4% \/ 2 );margin-right: calc(-4% \/ 2 );\"><div class=\"fusion-layout-column fusion_builder_column fusion-builder-column-20 fusion_builder_column_1_1 1_1 fusion-flex-column\" style=\"--awb-padding-top:16px;--awb-bg-size:cover;--awb-width-large:100%;--awb-margin-top-large:0px;--awb-spacing-right-large:1.92%;--awb-margin-bottom-large:0px;--awb-spacing-left-large:1.92%;--awb-width-medium:100%;--awb-order-medium:0;--awb-spacing-right-medium:1.92%;--awb-spacing-left-medium:1.92%;--awb-width-small:100%;--awb-order-small:0;--awb-spacing-right-small:1.92%;--awb-spacing-left-small:1.92%;\"><div class=\"fusion-column-wrapper fusion-column-has-shadow fusion-flex-justify-content-flex-start fusion-content-layout-column\"><div class=\"fusion-title title fusion-title-10 fusion-sep-none fusion-title-text fusion-title-size-two\" style=\"--awb-text-color:var(--awb-color1);\"><h2 class=\"fusion-title-heading title-heading-left\" style=\"font-family:-apple-system, BlinkMacSystemFont, &#039;Segoe UI&#039;, Roboto, Oxygen-Sans, Ubuntu, Cantarell, &#039;Helvetica Neue&#039; ,sans-serif;font-style:normal;font-weight:400;margin:0;\">Quelques projets<\/h2><\/div><\/div><\/div><\/div><\/div><div class=\"fusion-fullwidth fullwidth-box fusion-builder-row-13 fusion-flex-container has-pattern-background has-mask-background nonhundred-percent-fullwidth non-hundred-percent-height-scrolling\" style=\"--awb-background-position:left top;--awb-border-sizes-top:0px;--awb-border-sizes-bottom:0px;--awb-border-sizes-left:0px;--awb-border-sizes-right:0px;--awb-border-radius-top-left:0px;--awb-border-radius-top-right:0px;--awb-border-radius-bottom-right:0px;--awb-border-radius-bottom-left:0px;--awb-padding-top:58px;--awb-padding-bottom:30px;--awb-flex-wrap:wrap;\" ><div class=\"fusion-builder-row fusion-row fusion-flex-align-items-stretch fusion-flex-content-wrap\" style=\"max-width:1248px;margin-left: calc(-4% \/ 2 );margin-right: calc(-4% \/ 2 );\"><div class=\"fusion-layout-column fusion_builder_column fusion-builder-column-21 fusion_builder_column_1_2 1_2 fusion-flex-column\" style=\"--awb-bg-size:cover;--awb-width-large:50%;--awb-margin-top-large:0px;--awb-spacing-right-large:3.84%;--awb-margin-bottom-large:20px;--awb-spacing-left-large:3.84%;--awb-width-medium:50%;--awb-order-medium:0;--awb-spacing-right-medium:3.84%;--awb-spacing-left-medium:3.84%;--awb-width-small:100%;--awb-order-small:0;--awb-spacing-right-small:1.92%;--awb-spacing-left-small:1.92%;\"><div class=\"fusion-column-wrapper fusion-column-has-shadow fusion-flex-justify-content-flex-start fusion-content-layout-column\"><div class=\"fusion-title title fusion-title-11 fusion-sep-none fusion-title-text fusion-title-size-three\" style=\"--awb-margin-bottom:50px;\"><h3 class=\"fusion-title-heading title-heading-left\" style=\"font-family:-apple-system, BlinkMacSystemFont, &#039;Segoe UI&#039;, Roboto, Oxygen-Sans, Ubuntu, Cantarell, &#039;Helvetica Neue&#039; ,sans-serif;font-style:normal;font-weight:400;margin:0;\">Une grande motivation<\/h3><\/div><div class=\"fusion-separator\" style=\"align-self: flex-start;margin-right:auto;margin-top:0px;margin-bottom:40px;width:100%;max-width:170px;\"><div class=\"fusion-separator-border sep-single sep-solid\" style=\"--awb-height:20px;--awb-amount:20px;border-color:var(--awb-color3);border-top-width:3px;\"><\/div><\/div><div class=\"fusion-separator\" style=\"align-self: flex-start;margin-right:auto;margin-top:0px;margin-bottom:50px;width:100%;max-width:170px;\"><\/div><div class=\"fusion-text fusion-text-20\" style=\"--awb-content-alignment:justify;--awb-font-size:16px;--awb-text-font-family:-apple-system, BlinkMacSystemFont, &#039;Segoe UI&#039;, Roboto, Oxygen-Sans, Ubuntu, Cantarell, &#039;Helvetica Neue&#039; ,sans-serif;\"><div id=\"id3\" class=\"style_SkipStroke_1 shape-with-text\">\n<div class=\"text-content style_External_389_50\">\n<div class=\"style\">\n<p class=\"paragraph_style_1\">Depuis des ann\u00e9es, j&rsquo;ai laiss\u00e9 dans des tiroirs des th\u00e8mes qui r\u00e9sonnaient en moi, des suites d&rsquo;accords inspirants&#8230;<br \/>\nJe vais les reprendre et les enregistrer.<br \/>\nQuelques moments de privation guitaristique d\u00fbs \u00e0 une main gauche malmen\u00e9e m&rsquo;auront tourn\u00e9 vers l&rsquo;\u00e9criture.<\/p>\n<\/div>\n<\/div>\n<\/div>\n<\/div><\/div><\/div><div class=\"fusion-layout-column fusion_builder_column fusion-builder-column-22 fusion_builder_column_1_2 1_2 fusion-flex-column\" style=\"--awb-bg-size:cover;--awb-width-large:50%;--awb-margin-top-large:0px;--awb-spacing-right-large:3.84%;--awb-margin-bottom-large:20px;--awb-spacing-left-large:3.84%;--awb-width-medium:50%;--awb-order-medium:0;--awb-spacing-right-medium:3.84%;--awb-spacing-left-medium:3.84%;--awb-width-small:100%;--awb-order-small:0;--awb-spacing-right-small:1.92%;--awb-spacing-left-small:1.92%;\"><div class=\"fusion-column-wrapper fusion-column-has-shadow fusion-flex-justify-content-flex-start fusion-content-layout-column\"><div class=\"fusion-text fusion-text-21\" style=\"--awb-content-alignment:justify;--awb-font-size:16px;--awb-text-font-family:-apple-system, BlinkMacSystemFont, &#039;Segoe UI&#039;, Roboto, Oxygen-Sans, Ubuntu, Cantarell, &#039;Helvetica Neue&#039; ,sans-serif;--awb-text-font-style:normal;--awb-text-font-weight:400;\"><div id=\"id3\" class=\"style_SkipStroke_1 shape-with-text\">\n<div class=\"text-content style_External_389_50\">\n<div class=\"style\">\n<p class=\"paragraph_style_1\">Convaincu que rien n&rsquo;arrive par hasard, cette distance prise par rapport \u00e0 l&rsquo;instrument a \u00e9t\u00e9 plus que b\u00e9n\u00e9fique.<br \/>\nUn <b>second Nylon Tales<\/b> devrait certainement voir le jour&#8230;<br \/>\nDes arrangements fleuriront sur ce site et j&rsquo;en ferai des vid\u00e9os.<br \/>\nJe vais m&rsquo;adonner \u00e0 ma guitare, \u00e0 l&rsquo;harmonica, au clavier, au plaisir de siffler et fort probablement \u00e0 bien d&rsquo;autres instruments encore pour partager ces moments d&rsquo;inspiration avec vous.<\/p>\n<p class=\"paragraph_style_1\">Voici donc le dessein p\u00e9dagogique et de cr\u00e9ativit\u00e9 artistique qui se profile pour le  <b>Studio Elphi<\/b> qui devrait fonctionner \u00e0 plein r\u00e9gime ces prochaines ann\u00e9es. Je m&rsquo;en r\u00e9gale par avance&#8230;<\/p>\n<\/div>\n<\/div>\n<\/div>\n<\/div><\/div><\/div><\/div><\/div><\/p>\n","protected":false},"excerpt":{"rendered":"","protected":false},"author":1,"featured_media":0,"parent":0,"menu_order":0,"comment_status":"closed","ping_status":"closed","template":"100-width.php","meta":{"footnotes":""},"class_list":["post-9","page","type-page","status-publish","hentry"],"_links":{"self":[{"href":"https:\/\/www.philippedardel.com\/index.php?rest_route=\/wp\/v2\/pages\/9","targetHints":{"allow":["GET"]}}],"collection":[{"href":"https:\/\/www.philippedardel.com\/index.php?rest_route=\/wp\/v2\/pages"}],"about":[{"href":"https:\/\/www.philippedardel.com\/index.php?rest_route=\/wp\/v2\/types\/page"}],"author":[{"embeddable":true,"href":"https:\/\/www.philippedardel.com\/index.php?rest_route=\/wp\/v2\/users\/1"}],"replies":[{"embeddable":true,"href":"https:\/\/www.philippedardel.com\/index.php?rest_route=%2Fwp%2Fv2%2Fcomments&post=9"}],"version-history":[{"count":137,"href":"https:\/\/www.philippedardel.com\/index.php?rest_route=\/wp\/v2\/pages\/9\/revisions"}],"predecessor-version":[{"id":3934,"href":"https:\/\/www.philippedardel.com\/index.php?rest_route=\/wp\/v2\/pages\/9\/revisions\/3934"}],"wp:attachment":[{"href":"https:\/\/www.philippedardel.com\/index.php?rest_route=%2Fwp%2Fv2%2Fmedia&parent=9"}],"curies":[{"name":"wp","href":"https:\/\/api.w.org\/{rel}","templated":true}]}}